

{"id":9470,"date":"2022-06-20T11:51:15","date_gmt":"2022-06-20T09:51:15","guid":{"rendered":"https:\/\/www.oc.com.tn\/?page_id=9470"},"modified":"2022-06-20T11:56:33","modified_gmt":"2022-06-20T09:56:33","slug":"15-juin-2022","status":"publish","type":"page","link":"https:\/\/www.oc.com.tn\/fr\/15-juin-2022\/","title":{"rendered":"15 Juin 2022"},"content":{"rendered":"\t\t<div data-elementor-type=\"wp-page\" data-elementor-id=\"9470\" class=\"elementor elementor-9470\">\n\t\t\t\t\t\t<section class=\"elementor-section elementor-top-section elementor-element elementor-element-7376401 elementor-section-boxed elementor-section-height-default elementor-section-height-default\" data-id=\"7376401\" data-element_type=\"section\">\n\t\t\t\t\t\t<div class=\"elementor-container elementor-column-gap-default\">\n\t\t\t\t\t<div class=\"elementor-column elementor-col-100 elementor-top-column elementor-element elementor-element-297b7aa\" data-id=\"297b7aa\" data-element_type=\"column\">\n\t\t\t<div class=\"elementor-widget-wrap elementor-element-populated\">\n\t\t\t\t\t\t<div class=\"elementor-element elementor-element-3aa1a6c elementor-widget elementor-widget-heading\" data-id=\"3aa1a6c\" data-element_type=\"widget\" data-widget_type=\"heading.default\">\n\t\t\t\t<div class=\"elementor-widget-container\">\n\t\t\t\t\t<h2 class=\"elementor-heading-title elementor-size-default\">Evolution de la collecte des c\u00e9r\u00e9ales \u00e0 l\u2019\u00e9chelle nationale \u00e0 la date du 15 Juin 2022\n<\/h2>\t\t\t\t<\/div>\n\t\t\t\t<\/div>\n\t\t\t\t<div class=\"elementor-element elementor-element-e4567be elementor-widget elementor-widget-text-editor\" data-id=\"e4567be\" data-element_type=\"widget\" data-widget_type=\"text-editor.default\">\n\t\t\t\t<div class=\"elementor-widget-container\">\n\t\t\t\t\t\t\t\t\t<p>Les quantit\u00e9s de c\u00e9r\u00e9ales collect\u00e9es jusqu\u2019au 15 Juin 2022 ont atteint 2,3 millions de quintaux contre <br \/>2,5 millions de quintaux \u00e0 la m\u00eame date par rapport \u00e0 la derni\u00e8re r\u00e9colte.<\/p><p>La r\u00e9partition des quantit\u00e9s collect\u00e9es par produit est comme suit :<\/p><p>Bl\u00e9 dur \u00a0\u00a0\u00a0\u00a0\u00a0\u00a0\u00a0\u00a0\u00a0\u00a0\u00a0\u00a0\u00a0\u00a0 : 1,881 millions de quintaux soit 83,3% des quantit\u00e9s collect\u00e9es.<\/p><p>Bl\u00e9 tendre \u00a0\u00a0\u00a0\u00a0\u00a0\u00a0\u00a0\u00a0 : 0,096 millions de quintaux soit 4,2% des quantit\u00e9s collect\u00e9es.<\/p><p>Orge \u00a0\u00a0\u00a0\u00a0\u00a0\u00a0\u00a0\u00a0\u00a0\u00a0\u00a0\u00a0\u00a0\u00a0\u00a0\u00a0\u00a0\u00a0 : 0,282 millions de quintaux soit 12,5% des quantit\u00e9s collect\u00e9es.<\/p><p>Triticale\u00a0\u00a0\u00a0\u00a0\u00a0\u00a0\u00a0\u00a0\u00a0\u00a0\u00a0\u00a0\u00a0\u00a0 : 447 quintaux.<\/p>\t\t\t\t\t\t\t\t<\/div>\n\t\t\t\t<\/div>\n\t\t\t\t<div class=\"elementor-element elementor-element-9e36965 elementor-widget elementor-widget-heading\" data-id=\"9e36965\" data-element_type=\"widget\" data-widget_type=\"heading.default\">\n\t\t\t\t<div class=\"elementor-widget-container\">\n\t\t\t\t\t<h3 class=\"elementor-heading-title elementor-size-default\">Comparaison des quantit\u00e9s de c\u00e9r\u00e9ales collect\u00e9es par produit durant les ann\u00e9es 2021 et 2022 (mille quintaux)<\/h3>\t\t\t\t<\/div>\n\t\t\t\t<\/div>\n\t\t\t\t<div class=\"elementor-element elementor-element-98f3172 elementor-widget elementor-widget-wp-widget-media_gallery\" data-id=\"98f3172\" data-element_type=\"widget\" data-widget_type=\"wp-widget-media_gallery.default\">\n\t\t\t\t<div class=\"elementor-widget-container\">\n\t\t\t\t\t\n\t\t<style type=\"text\/css\">\n\t\t\t#gallery-1 {\n\t\t\t\tmargin: auto;\n\t\t\t}\n\t\t\t#gallery-1 .gallery-item {\n\t\t\t\tfloat: left;\n\t\t\t\tmargin-top: 10px;\n\t\t\t\ttext-align: center;\n\t\t\t\twidth: 100%;\n\t\t\t}\n\t\t\t#gallery-1 img {\n\t\t\t\tborder: 2px solid #cfcfcf;\n\t\t\t}\n\t\t\t#gallery-1 .gallery-caption {\n\t\t\t\tmargin-left: 0;\n\t\t\t}\n\t\t\t\/* see gallery_shortcode() in wp-includes\/media.php *\/\n\t\t<\/style>\n\t\t<div id='gallery-1' class='gallery galleryid-9470 gallery-columns-1 gallery-size-thr-layout-a-nosid'><dl class='gallery-item'>\n\t\t\t<dt class='gallery-icon landscape'>\n\t\t\t\t<a data-elementor-open-lightbox=\"yes\" data-elementor-lightbox-slideshow=\"98f3172\" data-elementor-lightbox-title=\"comparaison-des quantites2021-2022\" data-e-action-hash=\"#elementor-action%3Aaction%3Dlightbox%26settings%3DeyJpZCI6OTQ3MywidXJsIjoiaHR0cHM6XC9cL3d3dy5vYy5jb20udG5cL3dwLWNvbnRlbnRcL3VwbG9hZHNcLzIwMjJcLzA2XC9jb21wYXJhaXNvbi1kZXMtcXVhbnRpdGVzMjAyMS0yMDIyLmpwZyIsInNsaWRlc2hvdyI6Ijk4ZjMxNzIifQ%3D%3D\" href='https:\/\/www.oc.com.tn\/wp-content\/uploads\/2022\/06\/comparaison-des-quantites2021-2022.jpg'><img fetchpriority=\"high\" decoding=\"async\" width=\"787\" height=\"555\" src=\"https:\/\/www.oc.com.tn\/wp-content\/uploads\/2022\/06\/comparaison-des-quantites2021-2022.jpg\" class=\"attachment-thr-layout-a-nosid size-thr-layout-a-nosid\" alt=\"\" srcset=\"https:\/\/www.oc.com.tn\/wp-content\/uploads\/2022\/06\/comparaison-des-quantites2021-2022.jpg 787w, https:\/\/www.oc.com.tn\/wp-content\/uploads\/2022\/06\/comparaison-des-quantites2021-2022-300x212.jpg 300w, https:\/\/www.oc.com.tn\/wp-content\/uploads\/2022\/06\/comparaison-des-quantites2021-2022-768x542.jpg 768w, https:\/\/www.oc.com.tn\/wp-content\/uploads\/2022\/06\/comparaison-des-quantites2021-2022-730x515.jpg 730w\" sizes=\"(max-width: 787px) 100vw, 787px\" \/><\/a>\n\t\t\t<\/dt><\/dl><br style=\"clear: both\" \/>\n\t\t<\/div>\n\t\t\t\t<\/div>\n\t\t\t\t<\/div>\n\t\t\t\t<div class=\"elementor-element elementor-element-620274f elementor-widget elementor-widget-text-editor\" data-id=\"620274f\" data-element_type=\"widget\" data-widget_type=\"text-editor.default\">\n\t\t\t\t<div class=\"elementor-widget-container\">\n\t\t\t\t\t\t\t\t\t<p><strong>Par r\u00e9gion, les gouvernorats du nord-ouest ont enregistr\u00e9 les niveaux de collecte les plus \u00e9lev\u00e9s atteignant 1,4<\/strong> <strong>millions de quintaux, soit 61% de la collecte nationale, tandis que les gouvernorats du nord-est et du centre ont r\u00e9alis\u00e9<\/strong> <strong>respectivement<\/strong> <strong>471<\/strong><strong> mille quintaux et 417 mille de quintaux soit 21% et 18%.<\/strong><\/p><p><strong>Le gouvernorat de B\u00e9ja vient en t\u00eate avec<\/strong> <strong>595<\/strong> <strong>mille quintaux, repr\u00e9sentant un taux de 26% des quantit\u00e9s collect\u00e9es, suivi de la r\u00e9gion de Jendouba avec 385<\/strong> <strong>mille quintaux soit 17%, Le Kairouan 15%<\/strong><strong>,<\/strong> <strong>Bizerte et Siliana 11%<\/strong> <strong>chacun et le Kef 6%, les autres r\u00e9gions ont enregistr\u00e9 un niveau ce collecte de 14%<\/strong><strong>.<\/strong><\/p>\t\t\t\t\t\t\t\t<\/div>\n\t\t\t\t<\/div>\n\t\t\t\t<div class=\"elementor-element elementor-element-ab2cb5f elementor-widget elementor-widget-heading\" data-id=\"ab2cb5f\" data-element_type=\"widget\" data-widget_type=\"heading.default\">\n\t\t\t\t<div class=\"elementor-widget-container\">\n\t\t\t\t\t<h3 class=\"elementor-heading-title elementor-size-default\">R\u00e9partition des quantit\u00e9s de c\u00e9r\u00e9ales collect\u00e9es par r\u00e9gion<\/h3>\t\t\t\t<\/div>\n\t\t\t\t<\/div>\n\t\t\t\t<div class=\"elementor-element elementor-element-92a9b2e elementor-widget elementor-widget-wp-widget-media_gallery\" data-id=\"92a9b2e\" data-element_type=\"widget\" data-widget_type=\"wp-widget-media_gallery.default\">\n\t\t\t\t<div class=\"elementor-widget-container\">\n\t\t\t\t\t\n\t\t<style type=\"text\/css\">\n\t\t\t#gallery-2 {\n\t\t\t\tmargin: auto;\n\t\t\t}\n\t\t\t#gallery-2 .gallery-item {\n\t\t\t\tfloat: left;\n\t\t\t\tmargin-top: 10px;\n\t\t\t\ttext-align: center;\n\t\t\t\twidth: 100%;\n\t\t\t}\n\t\t\t#gallery-2 img {\n\t\t\t\tborder: 2px solid #cfcfcf;\n\t\t\t}\n\t\t\t#gallery-2 .gallery-caption {\n\t\t\t\tmargin-left: 0;\n\t\t\t}\n\t\t\t\/* see gallery_shortcode() in wp-includes\/media.php *\/\n\t\t<\/style>\n\t\t<div id='gallery-2' class='gallery galleryid-9470 gallery-columns-1 gallery-size-thr-layout-a-nosid'><dl class='gallery-item'>\n\t\t\t<dt class='gallery-icon landscape'>\n\t\t\t\t<a data-elementor-open-lightbox=\"yes\" data-elementor-lightbox-slideshow=\"92a9b2e\" data-elementor-lightbox-title=\"repartition-des-quantites-2022\" data-e-action-hash=\"#elementor-action%3Aaction%3Dlightbox%26settings%3DeyJpZCI6OTQ3NiwidXJsIjoiaHR0cHM6XC9cL3d3dy5vYy5jb20udG5cL3dwLWNvbnRlbnRcL3VwbG9hZHNcLzIwMjJcLzA2XC9yZXBhcnRpdGlvbi1kZXMtcXVhbnRpdGVzLTIwMjIuanBnIiwic2xpZGVzaG93IjoiOTJhOWIyZSJ9\" href='https:\/\/www.oc.com.tn\/wp-content\/uploads\/2022\/06\/repartition-des-quantites-2022.jpg'><img decoding=\"async\" width=\"716\" height=\"411\" data-src=\"https:\/\/www.oc.com.tn\/wp-content\/uploads\/2022\/06\/repartition-des-quantites-2022.jpg\" class=\"attachment-thr-layout-a-nosid size-thr-layout-a-nosid lazyload\" alt=\"\" data-srcset=\"https:\/\/www.oc.com.tn\/wp-content\/uploads\/2022\/06\/repartition-des-quantites-2022.jpg 716w, https:\/\/www.oc.com.tn\/wp-content\/uploads\/2022\/06\/repartition-des-quantites-2022-300x172.jpg 300w\" data-sizes=\"(max-width: 716px) 100vw, 716px\" src=\"data:image\/svg+xml;base64,PHN2ZyB3aWR0aD0iMSIgaGVpZ2h0PSIxIiB4bWxucz0iaHR0cDovL3d3dy53My5vcmcvMjAwMC9zdmciPjwvc3ZnPg==\" style=\"--smush-placeholder-width: 716px; --smush-placeholder-aspect-ratio: 716\/411;\" \/><\/a>\n\t\t\t<\/dt><\/dl><br style=\"clear: both\" \/>\n\t\t<\/div>\n\t\t\t\t<\/div>\n\t\t\t\t<\/div>\n\t\t\t\t<div class=\"elementor-element elementor-element-83f0c7b elementor-widget elementor-widget-text-editor\" data-id=\"83f0c7b\" data-element_type=\"widget\" data-widget_type=\"text-editor.default\">\n\t\t\t\t<div class=\"elementor-widget-container\">\n\t\t\t\t\t\t\t\t\t<p><strong>La cadence journali\u00e8re de collecte a enregistr\u00e9 un pic d\u2019environ 300 mille quintaux pendant la deuxi\u00e8me semaine de juin contre un maximum de 266 mille<\/strong> <strong>quintaux enregistr\u00e9 durant la derni\u00e8re r\u00e9colte \u00e0 la m\u00eame date. <\/strong><\/p>\t\t\t\t\t\t\t\t<\/div>\n\t\t\t\t<\/div>\n\t\t\t\t<div class=\"elementor-element elementor-element-1917bbb elementor-widget elementor-widget-heading\" data-id=\"1917bbb\" data-element_type=\"widget\" data-widget_type=\"heading.default\">\n\t\t\t\t<div class=\"elementor-widget-container\">\n\t\t\t\t\t<h3 class=\"elementor-heading-title elementor-size-default\">Cadence journali\u00e8re des quantit\u00e9s collect\u00e9es pendant les ann\u00e9es de 2019 \u00e0 2022<\/h3>\t\t\t\t<\/div>\n\t\t\t\t<\/div>\n\t\t\t\t<div class=\"elementor-element elementor-element-9813b19 elementor-widget elementor-widget-wp-widget-media_gallery\" data-id=\"9813b19\" data-element_type=\"widget\" data-widget_type=\"wp-widget-media_gallery.default\">\n\t\t\t\t<div class=\"elementor-widget-container\">\n\t\t\t\t\t\n\t\t<style type=\"text\/css\">\n\t\t\t#gallery-3 {\n\t\t\t\tmargin: auto;\n\t\t\t}\n\t\t\t#gallery-3 .gallery-item {\n\t\t\t\tfloat: left;\n\t\t\t\tmargin-top: 10px;\n\t\t\t\ttext-align: center;\n\t\t\t\twidth: 100%;\n\t\t\t}\n\t\t\t#gallery-3 img {\n\t\t\t\tborder: 2px solid #cfcfcf;\n\t\t\t}\n\t\t\t#gallery-3 .gallery-caption {\n\t\t\t\tmargin-left: 0;\n\t\t\t}\n\t\t\t\/* see gallery_shortcode() in wp-includes\/media.php *\/\n\t\t<\/style>\n\t\t<div id='gallery-3' class='gallery galleryid-9470 gallery-columns-1 gallery-size-thr-layout-a-nosid'><dl class='gallery-item'>\n\t\t\t<dt class='gallery-icon landscape'>\n\t\t\t\t<a data-elementor-open-lightbox=\"yes\" data-elementor-lightbox-slideshow=\"9813b19\" data-elementor-lightbox-title=\"cadence-journaliere-des-quantites\" data-e-action-hash=\"#elementor-action%3Aaction%3Dlightbox%26settings%3DeyJpZCI6OTQ3OSwidXJsIjoiaHR0cHM6XC9cL3d3dy5vYy5jb20udG5cL3dwLWNvbnRlbnRcL3VwbG9hZHNcLzIwMjJcLzA2XC9jYWRlbmNlLWpvdXJuYWxpZXJlLWRlcy1xdWFudGl0ZXMuanBnIiwic2xpZGVzaG93IjoiOTgxM2IxOSJ9\" href='https:\/\/www.oc.com.tn\/wp-content\/uploads\/2022\/06\/cadence-journaliere-des-quantites.jpg'><img decoding=\"async\" width=\"785\" height=\"583\" data-src=\"https:\/\/www.oc.com.tn\/wp-content\/uploads\/2022\/06\/cadence-journaliere-des-quantites.jpg\" class=\"attachment-thr-layout-a-nosid size-thr-layout-a-nosid lazyload\" alt=\"\" data-srcset=\"https:\/\/www.oc.com.tn\/wp-content\/uploads\/2022\/06\/cadence-journaliere-des-quantites.jpg 785w, https:\/\/www.oc.com.tn\/wp-content\/uploads\/2022\/06\/cadence-journaliere-des-quantites-300x223.jpg 300w, https:\/\/www.oc.com.tn\/wp-content\/uploads\/2022\/06\/cadence-journaliere-des-quantites-768x570.jpg 768w, https:\/\/www.oc.com.tn\/wp-content\/uploads\/2022\/06\/cadence-journaliere-des-quantites-730x542.jpg 730w\" data-sizes=\"(max-width: 785px) 100vw, 785px\" src=\"data:image\/svg+xml;base64,PHN2ZyB3aWR0aD0iMSIgaGVpZ2h0PSIxIiB4bWxucz0iaHR0cDovL3d3dy53My5vcmcvMjAwMC9zdmciPjwvc3ZnPg==\" style=\"--smush-placeholder-width: 785px; --smush-placeholder-aspect-ratio: 785\/583;\" \/><\/a>\n\t\t\t<\/dt><\/dl><br style=\"clear: both\" \/>\n\t\t<\/div>\n\t\t\t\t<\/div>\n\t\t\t\t<\/div>\n\t\t\t\t<div class=\"elementor-element elementor-element-ba72e5f elementor-widget elementor-widget-text-editor\" data-id=\"ba72e5f\" data-element_type=\"widget\" data-widget_type=\"text-editor.default\">\n\t\t\t\t<div class=\"elementor-widget-container\">\n\t\t\t\t\t\t\t\t\t<p><strong>La quantit\u00e9 enregistr\u00e9e par les collecteurs priv\u00e9s a atteint <\/strong><strong>1,198<\/strong> <strong>millions de quintaux soit <\/strong><strong>53%<\/strong><strong> de la totalit\u00e9 des quantit\u00e9s collect\u00e9es, celle des soci\u00e9t\u00e9s mutuelles est de l\u2019ordre de <\/strong><strong>1 <\/strong><strong>million de quintaux <\/strong><strong>(45%)<\/strong><strong> contre respectivement <\/strong><strong>51%<\/strong> <strong>et <\/strong><strong>47%<\/strong><strong> \u00e0 la m\u00eame date en <\/strong><strong>2021<\/strong><strong>. L\u2019Office des C\u00e9r\u00e9ales a bien \u00e9videmment enregistr\u00e9 un taux de collecte d\u2019environ <\/strong><strong>2%<\/strong><strong> des quantit\u00e9s collect\u00e9es<\/strong><strong>.<\/strong><\/p>\t\t\t\t\t\t\t\t<\/div>\n\t\t\t\t<\/div>\n\t\t\t\t<div class=\"elementor-element elementor-element-9971a52 elementor-widget elementor-widget-heading\" data-id=\"9971a52\" data-element_type=\"widget\" data-widget_type=\"heading.default\">\n\t\t\t\t<div class=\"elementor-widget-container\">\n\t\t\t\t\t<h3 class=\"elementor-heading-title elementor-size-default\">R\u00e9partition des quantit\u00e9s de c\u00e9r\u00e9ales collect\u00e9es par Organisme Collecteur<\/h3>\t\t\t\t<\/div>\n\t\t\t\t<\/div>\n\t\t\t\t<div class=\"elementor-element elementor-element-e2da879 elementor-widget elementor-widget-wp-widget-media_gallery\" data-id=\"e2da879\" data-element_type=\"widget\" data-widget_type=\"wp-widget-media_gallery.default\">\n\t\t\t\t<div class=\"elementor-widget-container\">\n\t\t\t\t\t\n\t\t<style type=\"text\/css\">\n\t\t\t#gallery-4 {\n\t\t\t\tmargin: auto;\n\t\t\t}\n\t\t\t#gallery-4 .gallery-item {\n\t\t\t\tfloat: left;\n\t\t\t\tmargin-top: 10px;\n\t\t\t\ttext-align: center;\n\t\t\t\twidth: 100%;\n\t\t\t}\n\t\t\t#gallery-4 img {\n\t\t\t\tborder: 2px solid #cfcfcf;\n\t\t\t}\n\t\t\t#gallery-4 .gallery-caption {\n\t\t\t\tmargin-left: 0;\n\t\t\t}\n\t\t\t\/* see gallery_shortcode() in wp-includes\/media.php *\/\n\t\t<\/style>\n\t\t<div id='gallery-4' class='gallery galleryid-9470 gallery-columns-1 gallery-size-thr-layout-a-nosid'><dl class='gallery-item'>\n\t\t\t<dt class='gallery-icon landscape'>\n\t\t\t\t<a data-elementor-open-lightbox=\"yes\" data-elementor-lightbox-slideshow=\"e2da879\" data-elementor-lightbox-title=\"repartition-des-quantites\" data-e-action-hash=\"#elementor-action%3Aaction%3Dlightbox%26settings%3DeyJpZCI6OTQ4MiwidXJsIjoiaHR0cHM6XC9cL3d3dy5vYy5jb20udG5cL3dwLWNvbnRlbnRcL3VwbG9hZHNcLzIwMjJcLzA2XC9yZXBhcnRpdGlvbi1kZXMtcXVhbnRpdGVzLmpwZyIsInNsaWRlc2hvdyI6ImUyZGE4NzkifQ%3D%3D\" href='https:\/\/www.oc.com.tn\/wp-content\/uploads\/2022\/06\/repartition-des-quantites.jpg'><img decoding=\"async\" width=\"751\" height=\"353\" data-src=\"https:\/\/www.oc.com.tn\/wp-content\/uploads\/2022\/06\/repartition-des-quantites.jpg\" class=\"attachment-thr-layout-a-nosid size-thr-layout-a-nosid lazyload\" alt=\"\" data-srcset=\"https:\/\/www.oc.com.tn\/wp-content\/uploads\/2022\/06\/repartition-des-quantites.jpg 751w, https:\/\/www.oc.com.tn\/wp-content\/uploads\/2022\/06\/repartition-des-quantites-300x141.jpg 300w, https:\/\/www.oc.com.tn\/wp-content\/uploads\/2022\/06\/repartition-des-quantites-730x343.jpg 730w\" data-sizes=\"(max-width: 751px) 100vw, 751px\" src=\"data:image\/svg+xml;base64,PHN2ZyB3aWR0aD0iMSIgaGVpZ2h0PSIxIiB4bWxucz0iaHR0cDovL3d3dy53My5vcmcvMjAwMC9zdmciPjwvc3ZnPg==\" style=\"--smush-placeholder-width: 751px; --smush-placeholder-aspect-ratio: 751\/353;\" \/><\/a>\n\t\t\t<\/dt><\/dl><br style=\"clear: both\" \/>\n\t\t<\/div>\n\t\t\t\t<\/div>\n\t\t\t\t<\/div>\n\t\t\t\t\t<\/div>\n\t\t<\/div>\n\t\t\t\t\t<\/div>\n\t\t<\/section>\n\t\t\t\t<\/div>\n\t\t","protected":false},"excerpt":{"rendered":"<p>Evolution de la collecte des c\u00e9r\u00e9ales \u00e0 l\u2019\u00e9chelle nationale \u00e0 la date du 15 Juin 2022 Les quantit\u00e9s de c\u00e9r\u00e9ales collect\u00e9es jusqu\u2019au 15 Juin 2022 ont atteint 2,3 millions de quintaux contre 2,5 millions de quintaux \u00e0 la m\u00eame date par rapport \u00e0 la derni\u00e8re r\u00e9colte. La r\u00e9partition des quantit\u00e9s collect\u00e9es par produit est comme [&hellip;]<\/p>\n","protected":false},"author":1,"featured_media":0,"parent":0,"menu_order":0,"comment_status":"closed","ping_status":"closed","template":"","meta":{"_monsterinsights_skip_tracking":false,"_monsterinsights_sitenote_active":false,"_monsterinsights_sitenote_note":"","_monsterinsights_sitenote_category":0,"footnotes":""},"class_list":["post-9470","page","type-page","status-publish","hentry"],"yoast_head":"<!-- This site is optimized with the Yoast SEO plugin v25.5 - https:\/\/yoast.com\/wordpress\/plugins\/seo\/ -->\n<title>15 Juin 2022 - Office des C\u00e9r\u00e9ales - Tunisie<\/title>\n<meta name=\"description\" content=\"Office des C\u00e9r\u00e9ales\" \/>\n<meta name=\"robots\" content=\"index, follow, max-snippet:-1, max-image-preview:large, max-video-preview:-1\" \/>\n<link rel=\"canonical\" href=\"https:\/\/www.oc.com.tn\/fr\/15-juin-2022\/\" \/>\n<meta property=\"og:locale\" content=\"fr_FR\" \/>\n<meta property=\"og:type\" content=\"article\" \/>\n<meta property=\"og:title\" content=\"15 Juin 2022 - Office des C\u00e9r\u00e9ales - Tunisie\" \/>\n<meta property=\"og:description\" content=\"Office des C\u00e9r\u00e9ales\" \/>\n<meta property=\"og:url\" content=\"https:\/\/www.oc.com.tn\/fr\/15-juin-2022\/\" \/>\n<meta property=\"og:site_name\" content=\"Office des C\u00e9r\u00e9ales - Tunisie\" \/>\n<meta property=\"article:publisher\" content=\"https:\/\/www.facebook.com\/profile.php?id=100069933501880\" \/>\n<meta property=\"article:modified_time\" content=\"2022-06-20T09:56:33+00:00\" \/>\n<meta name=\"twitter:card\" content=\"summary_large_image\" \/>\n<meta name=\"twitter:label1\" content=\"Dur\u00e9e de lecture estim\u00e9e\" \/>\n\t<meta name=\"twitter:data1\" content=\"2 minutes\" \/>\n<script type=\"application\/ld+json\" class=\"yoast-schema-graph\">{\"@context\":\"https:\/\/schema.org\",\"@graph\":[{\"@type\":\"WebPage\",\"@id\":\"https:\/\/www.oc.com.tn\/fr\/15-juin-2022\/\",\"url\":\"https:\/\/www.oc.com.tn\/fr\/15-juin-2022\/\",\"name\":\"15 Juin 2022 - Office des C\u00e9r\u00e9ales - Tunisie\",\"isPartOf\":{\"@id\":\"https:\/\/www.oc.com.tn\/fr\/#website\"},\"datePublished\":\"2022-06-20T09:51:15+00:00\",\"dateModified\":\"2022-06-20T09:56:33+00:00\",\"description\":\"Office des C\u00e9r\u00e9ales\",\"breadcrumb\":{\"@id\":\"https:\/\/www.oc.com.tn\/fr\/15-juin-2022\/#breadcrumb\"},\"inLanguage\":\"fr-FR\",\"potentialAction\":[{\"@type\":\"ReadAction\",\"target\":[\"https:\/\/www.oc.com.tn\/fr\/15-juin-2022\/\"]}]},{\"@type\":\"BreadcrumbList\",\"@id\":\"https:\/\/www.oc.com.tn\/fr\/15-juin-2022\/#breadcrumb\",\"itemListElement\":[{\"@type\":\"ListItem\",\"position\":1,\"name\":\"Accueil\",\"item\":\"https:\/\/www.oc.com.tn\/fr\/\"},{\"@type\":\"ListItem\",\"position\":2,\"name\":\"15 Juin 2022\"}]},{\"@type\":\"WebSite\",\"@id\":\"https:\/\/www.oc.com.tn\/fr\/#website\",\"url\":\"https:\/\/www.oc.com.tn\/fr\/\",\"name\":\"Office des C\u00e9r\u00e9ales - Tunisie\",\"description\":\"Office des C\u00e9r\u00e9ales - Tunisie\",\"publisher\":{\"@id\":\"https:\/\/www.oc.com.tn\/fr\/#organization\"},\"alternateName\":\"Office des C\u00e9r\u00e9ales - Tunisie\",\"potentialAction\":[{\"@type\":\"SearchAction\",\"target\":{\"@type\":\"EntryPoint\",\"urlTemplate\":\"https:\/\/www.oc.com.tn\/fr\/?s={search_term_string}\"},\"query-input\":{\"@type\":\"PropertyValueSpecification\",\"valueRequired\":true,\"valueName\":\"search_term_string\"}}],\"inLanguage\":\"fr-FR\"},{\"@type\":\"Organization\",\"@id\":\"https:\/\/www.oc.com.tn\/fr\/#organization\",\"name\":\"Office des C\u00e9r\u00e9ales - Tunisie\",\"url\":\"https:\/\/www.oc.com.tn\/fr\/\",\"logo\":{\"@type\":\"ImageObject\",\"inLanguage\":\"fr-FR\",\"@id\":\"https:\/\/www.oc.com.tn\/fr\/#\/schema\/logo\/image\/\",\"url\":\"https:\/\/www.oc.com.tn\/wp-content\/uploads\/2020\/07\/Logo.png\",\"contentUrl\":\"https:\/\/www.oc.com.tn\/wp-content\/uploads\/2020\/07\/Logo.png\",\"width\":47,\"height\":74,\"caption\":\"Office des C\u00e9r\u00e9ales - Tunisie\"},\"image\":{\"@id\":\"https:\/\/www.oc.com.tn\/fr\/#\/schema\/logo\/image\/\"},\"sameAs\":[\"https:\/\/www.facebook.com\/profile.php?id=100069933501880\"]}]}<\/script>\n<!-- \/ Yoast SEO plugin. -->","yoast_head_json":{"title":"15 Juin 2022 - Office des C\u00e9r\u00e9ales - Tunisie","description":"Office des C\u00e9r\u00e9ales","robots":{"index":"index","follow":"follow","max-snippet":"max-snippet:-1","max-image-preview":"max-image-preview:large","max-video-preview":"max-video-preview:-1"},"canonical":"https:\/\/www.oc.com.tn\/fr\/15-juin-2022\/","og_locale":"fr_FR","og_type":"article","og_title":"15 Juin 2022 - Office des C\u00e9r\u00e9ales - Tunisie","og_description":"Office des C\u00e9r\u00e9ales","og_url":"https:\/\/www.oc.com.tn\/fr\/15-juin-2022\/","og_site_name":"Office des C\u00e9r\u00e9ales - Tunisie","article_publisher":"https:\/\/www.facebook.com\/profile.php?id=100069933501880","article_modified_time":"2022-06-20T09:56:33+00:00","twitter_card":"summary_large_image","twitter_misc":{"Dur\u00e9e de lecture estim\u00e9e":"2 minutes"},"schema":{"@context":"https:\/\/schema.org","@graph":[{"@type":"WebPage","@id":"https:\/\/www.oc.com.tn\/fr\/15-juin-2022\/","url":"https:\/\/www.oc.com.tn\/fr\/15-juin-2022\/","name":"15 Juin 2022 - Office des C\u00e9r\u00e9ales - Tunisie","isPartOf":{"@id":"https:\/\/www.oc.com.tn\/fr\/#website"},"datePublished":"2022-06-20T09:51:15+00:00","dateModified":"2022-06-20T09:56:33+00:00","description":"Office des C\u00e9r\u00e9ales","breadcrumb":{"@id":"https:\/\/www.oc.com.tn\/fr\/15-juin-2022\/#breadcrumb"},"inLanguage":"fr-FR","potentialAction":[{"@type":"ReadAction","target":["https:\/\/www.oc.com.tn\/fr\/15-juin-2022\/"]}]},{"@type":"BreadcrumbList","@id":"https:\/\/www.oc.com.tn\/fr\/15-juin-2022\/#breadcrumb","itemListElement":[{"@type":"ListItem","position":1,"name":"Accueil","item":"https:\/\/www.oc.com.tn\/fr\/"},{"@type":"ListItem","position":2,"name":"15 Juin 2022"}]},{"@type":"WebSite","@id":"https:\/\/www.oc.com.tn\/fr\/#website","url":"https:\/\/www.oc.com.tn\/fr\/","name":"Office des C\u00e9r\u00e9ales - Tunisie","description":"Office des C\u00e9r\u00e9ales - Tunisie","publisher":{"@id":"https:\/\/www.oc.com.tn\/fr\/#organization"},"alternateName":"Office des C\u00e9r\u00e9ales - Tunisie","potentialAction":[{"@type":"SearchAction","target":{"@type":"EntryPoint","urlTemplate":"https:\/\/www.oc.com.tn\/fr\/?s={search_term_string}"},"query-input":{"@type":"PropertyValueSpecification","valueRequired":true,"valueName":"search_term_string"}}],"inLanguage":"fr-FR"},{"@type":"Organization","@id":"https:\/\/www.oc.com.tn\/fr\/#organization","name":"Office des C\u00e9r\u00e9ales - Tunisie","url":"https:\/\/www.oc.com.tn\/fr\/","logo":{"@type":"ImageObject","inLanguage":"fr-FR","@id":"https:\/\/www.oc.com.tn\/fr\/#\/schema\/logo\/image\/","url":"https:\/\/www.oc.com.tn\/wp-content\/uploads\/2020\/07\/Logo.png","contentUrl":"https:\/\/www.oc.com.tn\/wp-content\/uploads\/2020\/07\/Logo.png","width":47,"height":74,"caption":"Office des C\u00e9r\u00e9ales - Tunisie"},"image":{"@id":"https:\/\/www.oc.com.tn\/fr\/#\/schema\/logo\/image\/"},"sameAs":["https:\/\/www.facebook.com\/profile.php?id=100069933501880"]}]}},"_links":{"self":[{"href":"https:\/\/www.oc.com.tn\/fr\/wp-json\/wp\/v2\/pages\/9470","targetHints":{"allow":["GET"]}}],"collection":[{"href":"https:\/\/www.oc.com.tn\/fr\/wp-json\/wp\/v2\/pages"}],"about":[{"href":"https:\/\/www.oc.com.tn\/fr\/wp-json\/wp\/v2\/types\/page"}],"author":[{"embeddable":true,"href":"https:\/\/www.oc.com.tn\/fr\/wp-json\/wp\/v2\/users\/1"}],"replies":[{"embeddable":true,"href":"https:\/\/www.oc.com.tn\/fr\/wp-json\/wp\/v2\/comments?post=9470"}],"version-history":[{"count":6,"href":"https:\/\/www.oc.com.tn\/fr\/wp-json\/wp\/v2\/pages\/9470\/revisions"}],"predecessor-version":[{"id":9581,"href":"https:\/\/www.oc.com.tn\/fr\/wp-json\/wp\/v2\/pages\/9470\/revisions\/9581"}],"wp:attachment":[{"href":"https:\/\/www.oc.com.tn\/fr\/wp-json\/wp\/v2\/media?parent=9470"}],"curies":[{"name":"wp","href":"https:\/\/api.w.org\/{rel}","templated":true}]}}