

{"id":674,"date":"2020-07-29T11:40:37","date_gmt":"2020-07-29T09:40:37","guid":{"rendered":"http:\/\/oc.local\/?page_id=674"},"modified":"2021-05-05T10:32:36","modified_gmt":"2021-05-05T08:32:36","slug":"agriculteurs","status":"publish","type":"page","link":"https:\/\/www.oc.com.tn\/fr\/agriculteurs\/","title":{"rendered":"Agriculteurs"},"content":{"rendered":"\t\t<div data-elementor-type=\"wp-page\" data-elementor-id=\"674\" class=\"elementor elementor-674\">\n\t\t\t\t\t\t<section class=\"elementor-section elementor-top-section elementor-element elementor-element-316f8d77 elementor-section-content-middle elementor-section-boxed elementor-section-height-default elementor-section-height-default\" data-id=\"316f8d77\" data-element_type=\"section\">\n\t\t\t\t\t\t<div class=\"elementor-container elementor-column-gap-no\">\n\t\t\t\t\t<div class=\"elementor-column elementor-col-100 elementor-top-column elementor-element elementor-element-170d1d\" data-id=\"170d1d\" data-element_type=\"column\">\n\t\t\t<div class=\"elementor-widget-wrap elementor-element-populated\">\n\t\t\t\t\t\t<div class=\"elementor-element elementor-element-3f36cdd elementor-widget elementor-widget-heading\" data-id=\"3f36cdd\" data-element_type=\"widget\" data-widget_type=\"heading.default\">\n\t\t\t\t<div class=\"elementor-widget-container\">\n\t\t\t\t\t<h2 class=\"elementor-heading-title elementor-size-default\">Agriculteurs<\/h2>\t\t\t\t<\/div>\n\t\t\t\t<\/div>\n\t\t\t\t<div class=\"elementor-element elementor-element-7c08340 elementor-widget elementor-widget-heading\" data-id=\"7c08340\" data-element_type=\"widget\" data-widget_type=\"heading.default\">\n\t\t\t\t<div class=\"elementor-widget-container\">\n\t\t\t\t\t<h5 class=\"elementor-heading-title elementor-size-default\">L\u2019agriculteur repr\u00e9sente le premier maillon de la chaine de production de c\u00e9r\u00e9ales locales.<\/h5>\t\t\t\t<\/div>\n\t\t\t\t<\/div>\n\t\t\t\t<section class=\"elementor-section elementor-inner-section elementor-element elementor-element-58eefc6b elementor-section-boxed elementor-section-height-default elementor-section-height-default\" data-id=\"58eefc6b\" data-element_type=\"section\">\n\t\t\t\t\t\t<div class=\"elementor-container elementor-column-gap-default\">\n\t\t\t\t\t<div class=\"elementor-column elementor-col-50 elementor-inner-column elementor-element elementor-element-126328a5\" data-id=\"126328a5\" data-element_type=\"column\">\n\t\t\t<div class=\"elementor-widget-wrap elementor-element-populated\">\n\t\t\t\t\t\t<div class=\"elementor-element elementor-element-267dc5d2 elementor-widget elementor-widget-counter\" data-id=\"267dc5d2\" data-element_type=\"widget\" data-widget_type=\"counter.default\">\n\t\t\t\t<div class=\"elementor-widget-container\">\n\t\t\t\t\t\t\t<div class=\"elementor-counter\">\n\t\t\t<div class=\"elementor-counter-title\">C\u00e9r\u00e9aliculteurs <\/div>\t\t\t<div class=\"elementor-counter-number-wrapper\">\n\t\t\t\t<span class=\"elementor-counter-number-prefix\"><\/span>\n\t\t\t\t<span class=\"elementor-counter-number\" data-duration=\"2000\" data-to-value=\"248458\" data-from-value=\"1\" data-delimiter=\" \">1<\/span>\n\t\t\t\t<span class=\"elementor-counter-number-suffix\"><\/span>\n\t\t\t<\/div>\n\t\t<\/div>\n\t\t\t\t\t\t<\/div>\n\t\t\t\t<\/div>\n\t\t\t\t<div class=\"elementor-element elementor-element-72e03af0 elementor-widget elementor-widget-text-editor\" data-id=\"72e03af0\" data-element_type=\"widget\" data-widget_type=\"text-editor.default\">\n\t\t\t\t<div class=\"elementor-widget-container\">\n\t\t\t\t\t\t\t\t\tLe nombre de c\u00e9r\u00e9aliculteurs a atteint 248 458, soit pr\u00e8s de la moiti\u00e9 (48,2%) de la totalit\u00e9 des exploitants agricoles dont le nombre est \u00e9gal \u00e0 515 850\u00a0 <b style=\"color: red;\">(*)<\/b>\n\n.\t\t\t\t\t\t\t\t<\/div>\n\t\t\t\t<\/div>\n\t\t\t\t\t<\/div>\n\t\t<\/div>\n\t\t\t\t<div class=\"elementor-column elementor-col-50 elementor-inner-column elementor-element elementor-element-73199788\" data-id=\"73199788\" data-element_type=\"column\">\n\t\t\t<div class=\"elementor-widget-wrap elementor-element-populated\">\n\t\t\t\t\t\t<div class=\"elementor-element elementor-element-5a0658d7 elementor-widget elementor-widget-counter\" data-id=\"5a0658d7\" data-element_type=\"widget\" data-widget_type=\"counter.default\">\n\t\t\t\t<div class=\"elementor-widget-container\">\n\t\t\t\t\t\t\t<div class=\"elementor-counter\">\n\t\t\t<div class=\"elementor-counter-title\">milles<\/div>\t\t\t<div class=\"elementor-counter-number-wrapper\">\n\t\t\t\t<span class=\"elementor-counter-number-prefix\"><\/span>\n\t\t\t\t<span class=\"elementor-counter-number\" data-duration=\"2000\" data-to-value=\"157\" data-from-value=\"1\" data-delimiter=\",\">1<\/span>\n\t\t\t\t<span class=\"elementor-counter-number-suffix\"><\/span>\n\t\t\t<\/div>\n\t\t<\/div>\n\t\t\t\t\t\t<\/div>\n\t\t\t\t<\/div>\n\t\t\t\t<div class=\"elementor-element elementor-element-15d16ecc elementor-widget elementor-widget-text-editor\" data-id=\"15d16ecc\" data-element_type=\"widget\" data-widget_type=\"text-editor.default\">\n\t\t\t\t<div class=\"elementor-widget-container\">\n\t\t\t\t\t\t\t\t\tEnviron 157 milles, soit 63%, sont des petits exploitants poss\u00e9dant des superficies inf\u00e9rieures ou \u00e9gale \u00e0 10 hectares\u00a0 <b style=\"color: red;\">(*)<\/b>\u00a0.\t\t\t\t\t\t\t\t<\/div>\n\t\t\t\t<\/div>\n\t\t\t\t\t<\/div>\n\t\t<\/div>\n\t\t\t\t\t<\/div>\n\t\t<\/section>\n\t\t\t\t\t<\/div>\n\t\t<\/div>\n\t\t\t\t\t<\/div>\n\t\t<\/section>\n\t\t\t\t<section class=\"elementor-section elementor-top-section elementor-element elementor-element-3018071 animated-slow elementor-section-boxed elementor-section-height-default elementor-section-height-default elementor-invisible\" data-id=\"3018071\" data-element_type=\"section\" data-settings=\"{&quot;animation&quot;:&quot;fadeIn&quot;}\">\n\t\t\t\t\t\t<div class=\"elementor-container elementor-column-gap-default\">\n\t\t\t\t\t<div class=\"elementor-column elementor-col-100 elementor-top-column elementor-element elementor-element-d98635e\" data-id=\"d98635e\" data-element_type=\"column\">\n\t\t\t<div class=\"elementor-widget-wrap elementor-element-populated\">\n\t\t\t\t\t\t<div class=\"elementor-element elementor-element-5453297 elementor-alert-danger elementor-widget elementor-widget-alert\" data-id=\"5453297\" data-element_type=\"widget\" data-widget_type=\"alert.default\">\n\t\t\t\t<div class=\"elementor-widget-container\">\n\t\t\t\t\t\t\t<div class=\"elementor-alert\" role=\"alert\">\n\n\t\t\t\t\t\t<span class=\"elementor-alert-title\">Source de l\u2019information :<\/span>\n\t\t\t\n\t\t\t\t\t\t<span class=\"elementor-alert-description\">Enqu\u00eate sur les structures des exploitations agricoles 2004-2005.<\/span>\n\t\t\t\n\t\t\t\t\t\t<button type=\"button\" class=\"elementor-alert-dismiss\" aria-label=\"Ignorer cette alerte.\">\n\t\t\t\t\t\t\t\t\t<span aria-hidden=\"true\">&times;<\/span>\n\t\t\t\t\t\t\t<\/button>\n\t\t\t\n\t\t<\/div>\n\t\t\t\t\t\t<\/div>\n\t\t\t\t<\/div>\n\t\t\t\t\t<\/div>\n\t\t<\/div>\n\t\t\t\t\t<\/div>\n\t\t<\/section>\n\t\t\t\t<\/div>\n\t\t","protected":false},"excerpt":{"rendered":"<p>Agriculteurs L\u2019agriculteur repr\u00e9sente le premier maillon de la chaine de production de c\u00e9r\u00e9ales locales. 1 C\u00e9r\u00e9aliculteurs Le nombre de c\u00e9r\u00e9aliculteurs a atteint 248 458, soit pr\u00e8s de la moiti\u00e9 (48,2%) de la totalit\u00e9 des exploitants agricoles dont le nombre est \u00e9gal \u00e0 515 850\u00a0 (*) . 1 milles Environ 157 milles, soit 63%, sont des [&hellip;]<\/p>\n","protected":false},"author":1,"featured_media":0,"parent":0,"menu_order":0,"comment_status":"closed","ping_status":"closed","template":"","meta":{"_monsterinsights_skip_tracking":false,"_monsterinsights_sitenote_active":false,"_monsterinsights_sitenote_note":"","_monsterinsights_sitenote_category":0,"footnotes":""},"class_list":["post-674","page","type-page","status-publish","hentry"],"yoast_head":"<!-- This site is optimized with the Yoast SEO plugin v25.5 - https:\/\/yoast.com\/wordpress\/plugins\/seo\/ -->\n<title>Agriculteurs - Office des C\u00e9r\u00e9ales - Tunisie<\/title>\n<meta name=\"description\" content=\"Office des C\u00e9r\u00e9ales\" \/>\n<meta name=\"robots\" content=\"index, follow, max-snippet:-1, max-image-preview:large, max-video-preview:-1\" \/>\n<link rel=\"canonical\" href=\"https:\/\/www.oc.com.tn\/fr\/agriculteurs\/\" \/>\n<meta property=\"og:locale\" content=\"fr_FR\" \/>\n<meta property=\"og:type\" content=\"article\" \/>\n<meta property=\"og:title\" content=\"Agriculteurs - Office des C\u00e9r\u00e9ales - Tunisie\" \/>\n<meta property=\"og:description\" content=\"Office des C\u00e9r\u00e9ales\" \/>\n<meta property=\"og:url\" content=\"https:\/\/www.oc.com.tn\/fr\/agriculteurs\/\" \/>\n<meta property=\"og:site_name\" content=\"Office des C\u00e9r\u00e9ales - Tunisie\" \/>\n<meta property=\"article:publisher\" content=\"https:\/\/www.facebook.com\/profile.php?id=100069933501880\" \/>\n<meta property=\"article:modified_time\" content=\"2021-05-05T08:32:36+00:00\" \/>\n<meta name=\"twitter:card\" content=\"summary_large_image\" \/>\n<script type=\"application\/ld+json\" class=\"yoast-schema-graph\">{\"@context\":\"https:\/\/schema.org\",\"@graph\":[{\"@type\":\"WebPage\",\"@id\":\"https:\/\/www.oc.com.tn\/fr\/agriculteurs\/\",\"url\":\"https:\/\/www.oc.com.tn\/fr\/agriculteurs\/\",\"name\":\"Agriculteurs - Office des C\u00e9r\u00e9ales - Tunisie\",\"isPartOf\":{\"@id\":\"https:\/\/www.oc.com.tn\/fr\/#website\"},\"datePublished\":\"2020-07-29T09:40:37+00:00\",\"dateModified\":\"2021-05-05T08:32:36+00:00\",\"description\":\"Office des C\u00e9r\u00e9ales\",\"breadcrumb\":{\"@id\":\"https:\/\/www.oc.com.tn\/fr\/agriculteurs\/#breadcrumb\"},\"inLanguage\":\"fr-FR\",\"potentialAction\":[{\"@type\":\"ReadAction\",\"target\":[\"https:\/\/www.oc.com.tn\/fr\/agriculteurs\/\"]}]},{\"@type\":\"BreadcrumbList\",\"@id\":\"https:\/\/www.oc.com.tn\/fr\/agriculteurs\/#breadcrumb\",\"itemListElement\":[{\"@type\":\"ListItem\",\"position\":1,\"name\":\"Accueil\",\"item\":\"https:\/\/www.oc.com.tn\/fr\/\"},{\"@type\":\"ListItem\",\"position\":2,\"name\":\"Agriculteurs\"}]},{\"@type\":\"WebSite\",\"@id\":\"https:\/\/www.oc.com.tn\/fr\/#website\",\"url\":\"https:\/\/www.oc.com.tn\/fr\/\",\"name\":\"Office des C\u00e9r\u00e9ales - Tunisie\",\"description\":\"Office des C\u00e9r\u00e9ales - Tunisie\",\"publisher\":{\"@id\":\"https:\/\/www.oc.com.tn\/fr\/#organization\"},\"alternateName\":\"Office des C\u00e9r\u00e9ales - Tunisie\",\"potentialAction\":[{\"@type\":\"SearchAction\",\"target\":{\"@type\":\"EntryPoint\",\"urlTemplate\":\"https:\/\/www.oc.com.tn\/fr\/?s={search_term_string}\"},\"query-input\":{\"@type\":\"PropertyValueSpecification\",\"valueRequired\":true,\"valueName\":\"search_term_string\"}}],\"inLanguage\":\"fr-FR\"},{\"@type\":\"Organization\",\"@id\":\"https:\/\/www.oc.com.tn\/fr\/#organization\",\"name\":\"Office des C\u00e9r\u00e9ales - Tunisie\",\"url\":\"https:\/\/www.oc.com.tn\/fr\/\",\"logo\":{\"@type\":\"ImageObject\",\"inLanguage\":\"fr-FR\",\"@id\":\"https:\/\/www.oc.com.tn\/fr\/#\/schema\/logo\/image\/\",\"url\":\"https:\/\/www.oc.com.tn\/wp-content\/uploads\/2020\/07\/Logo.png\",\"contentUrl\":\"https:\/\/www.oc.com.tn\/wp-content\/uploads\/2020\/07\/Logo.png\",\"width\":47,\"height\":74,\"caption\":\"Office des C\u00e9r\u00e9ales - Tunisie\"},\"image\":{\"@id\":\"https:\/\/www.oc.com.tn\/fr\/#\/schema\/logo\/image\/\"},\"sameAs\":[\"https:\/\/www.facebook.com\/profile.php?id=100069933501880\"]}]}<\/script>\n<!-- \/ Yoast SEO plugin. -->","yoast_head_json":{"title":"Agriculteurs - Office des C\u00e9r\u00e9ales - Tunisie","description":"Office des C\u00e9r\u00e9ales","robots":{"index":"index","follow":"follow","max-snippet":"max-snippet:-1","max-image-preview":"max-image-preview:large","max-video-preview":"max-video-preview:-1"},"canonical":"https:\/\/www.oc.com.tn\/fr\/agriculteurs\/","og_locale":"fr_FR","og_type":"article","og_title":"Agriculteurs - Office des C\u00e9r\u00e9ales - Tunisie","og_description":"Office des C\u00e9r\u00e9ales","og_url":"https:\/\/www.oc.com.tn\/fr\/agriculteurs\/","og_site_name":"Office des C\u00e9r\u00e9ales - Tunisie","article_publisher":"https:\/\/www.facebook.com\/profile.php?id=100069933501880","article_modified_time":"2021-05-05T08:32:36+00:00","twitter_card":"summary_large_image","schema":{"@context":"https:\/\/schema.org","@graph":[{"@type":"WebPage","@id":"https:\/\/www.oc.com.tn\/fr\/agriculteurs\/","url":"https:\/\/www.oc.com.tn\/fr\/agriculteurs\/","name":"Agriculteurs - Office des C\u00e9r\u00e9ales - Tunisie","isPartOf":{"@id":"https:\/\/www.oc.com.tn\/fr\/#website"},"datePublished":"2020-07-29T09:40:37+00:00","dateModified":"2021-05-05T08:32:36+00:00","description":"Office des C\u00e9r\u00e9ales","breadcrumb":{"@id":"https:\/\/www.oc.com.tn\/fr\/agriculteurs\/#breadcrumb"},"inLanguage":"fr-FR","potentialAction":[{"@type":"ReadAction","target":["https:\/\/www.oc.com.tn\/fr\/agriculteurs\/"]}]},{"@type":"BreadcrumbList","@id":"https:\/\/www.oc.com.tn\/fr\/agriculteurs\/#breadcrumb","itemListElement":[{"@type":"ListItem","position":1,"name":"Accueil","item":"https:\/\/www.oc.com.tn\/fr\/"},{"@type":"ListItem","position":2,"name":"Agriculteurs"}]},{"@type":"WebSite","@id":"https:\/\/www.oc.com.tn\/fr\/#website","url":"https:\/\/www.oc.com.tn\/fr\/","name":"Office des C\u00e9r\u00e9ales - Tunisie","description":"Office des C\u00e9r\u00e9ales - Tunisie","publisher":{"@id":"https:\/\/www.oc.com.tn\/fr\/#organization"},"alternateName":"Office des C\u00e9r\u00e9ales - Tunisie","potentialAction":[{"@type":"SearchAction","target":{"@type":"EntryPoint","urlTemplate":"https:\/\/www.oc.com.tn\/fr\/?s={search_term_string}"},"query-input":{"@type":"PropertyValueSpecification","valueRequired":true,"valueName":"search_term_string"}}],"inLanguage":"fr-FR"},{"@type":"Organization","@id":"https:\/\/www.oc.com.tn\/fr\/#organization","name":"Office des C\u00e9r\u00e9ales - Tunisie","url":"https:\/\/www.oc.com.tn\/fr\/","logo":{"@type":"ImageObject","inLanguage":"fr-FR","@id":"https:\/\/www.oc.com.tn\/fr\/#\/schema\/logo\/image\/","url":"https:\/\/www.oc.com.tn\/wp-content\/uploads\/2020\/07\/Logo.png","contentUrl":"https:\/\/www.oc.com.tn\/wp-content\/uploads\/2020\/07\/Logo.png","width":47,"height":74,"caption":"Office des C\u00e9r\u00e9ales - Tunisie"},"image":{"@id":"https:\/\/www.oc.com.tn\/fr\/#\/schema\/logo\/image\/"},"sameAs":["https:\/\/www.facebook.com\/profile.php?id=100069933501880"]}]}},"_links":{"self":[{"href":"https:\/\/www.oc.com.tn\/fr\/wp-json\/wp\/v2\/pages\/674","targetHints":{"allow":["GET"]}}],"collection":[{"href":"https:\/\/www.oc.com.tn\/fr\/wp-json\/wp\/v2\/pages"}],"about":[{"href":"https:\/\/www.oc.com.tn\/fr\/wp-json\/wp\/v2\/types\/page"}],"author":[{"embeddable":true,"href":"https:\/\/www.oc.com.tn\/fr\/wp-json\/wp\/v2\/users\/1"}],"replies":[{"embeddable":true,"href":"https:\/\/www.oc.com.tn\/fr\/wp-json\/wp\/v2\/comments?post=674"}],"version-history":[{"count":22,"href":"https:\/\/www.oc.com.tn\/fr\/wp-json\/wp\/v2\/pages\/674\/revisions"}],"predecessor-version":[{"id":5292,"href":"https:\/\/www.oc.com.tn\/fr\/wp-json\/wp\/v2\/pages\/674\/revisions\/5292"}],"wp:attachment":[{"href":"https:\/\/www.oc.com.tn\/fr\/wp-json\/wp\/v2\/media?parent=674"}],"curies":[{"name":"wp","href":"https:\/\/api.w.org\/{rel}","templated":true}]}}