

{"id":3533,"date":"2020-11-22T12:03:45","date_gmt":"2020-11-22T11:03:45","guid":{"rendered":"http:\/\/www.oc.com.tn\/?page_id=3533"},"modified":"2024-01-25T15:55:24","modified_gmt":"2024-01-25T14:55:24","slug":"actualites","status":"publish","type":"page","link":"https:\/\/www.oc.com.tn\/fr\/actualites\/","title":{"rendered":"Actualit\u00e9s"},"content":{"rendered":"<ul class=\"wp-block-latest-posts__list is-grid columns-2 has-dates wp-block-latest-posts\"><li><div class=\"wp-block-latest-posts__featured-image aligncenter\"><img fetchpriority=\"high\" decoding=\"async\" width=\"730\" height=\"486\" src=\"https:\/\/www.oc.com.tn\/wp-content\/uploads\/2026\/04\/1-1024x682.jpg\" class=\"attachment-large size-large wp-post-image\" alt=\"\" style=\"\" srcset=\"https:\/\/www.oc.com.tn\/wp-content\/uploads\/2026\/04\/1-1024x682.jpg 1024w, https:\/\/www.oc.com.tn\/wp-content\/uploads\/2026\/04\/1-300x200.jpg 300w, https:\/\/www.oc.com.tn\/wp-content\/uploads\/2026\/04\/1-768x512.jpg 768w, https:\/\/www.oc.com.tn\/wp-content\/uploads\/2026\/04\/1-730x486.jpg 730w, https:\/\/www.oc.com.tn\/wp-content\/uploads\/2026\/04\/1-1070x713.jpg 1070w, https:\/\/www.oc.com.tn\/wp-content\/uploads\/2026\/04\/1.jpg 1387w\" sizes=\"(max-width: 730px) 100vw, 730px\" \/><\/div><a class=\"wp-block-latest-posts__post-title\" href=\"https:\/\/www.oc.com.tn\/fr\/loffice-des-cereales-renouvelle-son-engagement-qualite-avec-le-maintien-de-la-certification-iso-90012015\/\">L\u2019Office des C\u00e9r\u00e9ales renouvelle son engagement qualit\u00e9 avec le maintien de la certification ISO 9001:2015<\/a><time datetime=\"2026-04-06T10:28:19+02:00\" class=\"wp-block-latest-posts__post-date\">2026-04-06<\/time><div class=\"wp-block-latest-posts__post-excerpt\">F\u00e9licitations \u00e0 l\u2019Office des C\u00e9r\u00e9ales pour le maintien de la certification ISO 9001:2015 de son Syst\u00e8me de Management de la Qualit\u00e9, \u00e0 l\u2019issue du deuxi\u00e8me audit de surveillance r\u00e9alis\u00e9 par l\u2019AFAQ AFNOR.Ce r\u00e9sultat distingue l\u2019implication de l\u2019ensemble\u2026 <a class=\"wp-block-latest-posts__read-more\" href=\"https:\/\/www.oc.com.tn\/fr\/loffice-des-cereales-renouvelle-son-engagement-qualite-avec-le-maintien-de-la-certification-iso-90012015\/\" rel=\"noopener noreferrer\">Lire la suite<span class=\"screen-reader-text\">\u00a0: L\u2019Office des C\u00e9r\u00e9ales renouvelle son engagement qualit\u00e9 avec le maintien de la certification ISO 9001:2015<\/span><\/a><\/div><\/li>\n<li><div class=\"wp-block-latest-posts__featured-image aligncenter\"><img decoding=\"async\" width=\"730\" height=\"487\" data-src=\"https:\/\/www.oc.com.tn\/wp-content\/uploads\/2025\/08\/info.jpg\" class=\"attachment-large size-large wp-post-image lazyload\" alt=\"\" data-srcset=\"https:\/\/www.oc.com.tn\/wp-content\/uploads\/2025\/08\/info.jpg 960w, https:\/\/www.oc.com.tn\/wp-content\/uploads\/2025\/08\/info-300x200.jpg 300w, https:\/\/www.oc.com.tn\/wp-content\/uploads\/2025\/08\/info-768x512.jpg 768w, https:\/\/www.oc.com.tn\/wp-content\/uploads\/2025\/08\/info-730x487.jpg 730w\" data-sizes=\"(max-width: 730px) 100vw, 730px\" src=\"data:image\/svg+xml;base64,PHN2ZyB3aWR0aD0iMSIgaGVpZ2h0PSIxIiB4bWxucz0iaHR0cDovL3d3dy53My5vcmcvMjAwMC9zdmciPjwvc3ZnPg==\" style=\"--smush-placeholder-width: 730px; --smush-placeholder-aspect-ratio: 730\/487;\" \/><\/div><a class=\"wp-block-latest-posts__post-title\" href=\"https:\/\/www.oc.com.tn\/fr\/service-de-camionnage-de-cereales\/\">Service de camionnage de c\u00e9r\u00e9ales<\/a><time datetime=\"2025-12-19T17:09:53+01:00\" class=\"wp-block-latest-posts__post-date\">2025-12-19<\/time><div class=\"wp-block-latest-posts__post-excerpt\">Telecharger Avis<\/div><\/li>\n<li><div class=\"wp-block-latest-posts__featured-image aligncenter\"><img decoding=\"async\" width=\"623\" height=\"410\" data-src=\"https:\/\/www.oc.com.tn\/wp-content\/uploads\/2025\/09\/image.png\" class=\"attachment-large size-large wp-post-image lazyload\" alt=\"\" data-srcset=\"https:\/\/www.oc.com.tn\/wp-content\/uploads\/2025\/09\/image.png 623w, https:\/\/www.oc.com.tn\/wp-content\/uploads\/2025\/09\/image-300x197.png 300w\" data-sizes=\"(max-width: 623px) 100vw, 623px\" src=\"data:image\/svg+xml;base64,PHN2ZyB3aWR0aD0iMSIgaGVpZ2h0PSIxIiB4bWxucz0iaHR0cDovL3d3dy53My5vcmcvMjAwMC9zdmciPjwvc3ZnPg==\" style=\"--smush-placeholder-width: 623px; --smush-placeholder-aspect-ratio: 623\/410;\" \/><\/div><a class=\"wp-block-latest-posts__post-title\" href=\"https:\/\/www.oc.com.tn\/fr\/plan-de-gestion-environnementale-et-sociale-pges-2\/\">Plan de Gestion Environnementale et Sociale PGES<\/a><time datetime=\"2025-09-10T09:29:00+02:00\" class=\"wp-block-latest-posts__post-date\">2025-09-10<\/time><div class=\"wp-block-latest-posts__post-excerpt\"><\/div><\/li>\n<li><div class=\"wp-block-latest-posts__featured-image aligncenter\"><img decoding=\"async\" width=\"730\" height=\"515\" data-src=\"https:\/\/www.oc.com.tn\/wp-content\/uploads\/2025\/08\/logo-info-1-2000x1413-1-1024x723.jpg\" class=\"attachment-large size-large wp-post-image lazyload\" alt=\"\" data-srcset=\"https:\/\/www.oc.com.tn\/wp-content\/uploads\/2025\/08\/logo-info-1-2000x1413-1-1024x723.jpg 1024w, https:\/\/www.oc.com.tn\/wp-content\/uploads\/2025\/08\/logo-info-1-2000x1413-1-300x212.jpg 300w, https:\/\/www.oc.com.tn\/wp-content\/uploads\/2025\/08\/logo-info-1-2000x1413-1-768x543.jpg 768w, https:\/\/www.oc.com.tn\/wp-content\/uploads\/2025\/08\/logo-info-1-2000x1413-1-1536x1085.jpg 1536w, https:\/\/www.oc.com.tn\/wp-content\/uploads\/2025\/08\/logo-info-1-2000x1413-1-730x516.jpg 730w, https:\/\/www.oc.com.tn\/wp-content\/uploads\/2025\/08\/logo-info-1-2000x1413-1-1070x756.jpg 1070w, https:\/\/www.oc.com.tn\/wp-content\/uploads\/2025\/08\/logo-info-1-2000x1413-1.jpg 2000w\" data-sizes=\"(max-width: 730px) 100vw, 730px\" src=\"data:image\/svg+xml;base64,PHN2ZyB3aWR0aD0iMSIgaGVpZ2h0PSIxIiB4bWxucz0iaHR0cDovL3d3dy53My5vcmcvMjAwMC9zdmciPjwvc3ZnPg==\" style=\"--smush-placeholder-width: 730px; --smush-placeholder-aspect-ratio: 730\/515;\" \/><\/div><a class=\"wp-block-latest-posts__post-title\" href=\"https:\/\/www.oc.com.tn\/fr\/avis-relative-aux-procedures-et-modalites-dapprovisionnement-et-de-distribution-de-semences-de-cereales-eprouvees-pendant-la-saison-2025-2026\/\">Avis relative aux proc\u00e9dures et modalit\u00e9s d&#8217;approvisionnement et de distribution de semences de c\u00e9r\u00e9ales \u00e9prouv\u00e9es pendant la saison 2025-2026<\/a><time datetime=\"2025-08-25T10:22:14+02:00\" class=\"wp-block-latest-posts__post-date\">2025-08-25<\/time><div class=\"wp-block-latest-posts__post-excerpt\"><\/div><\/li>\n<li><div class=\"wp-block-latest-posts__featured-image aligncenter\"><img decoding=\"async\" width=\"730\" height=\"487\" data-src=\"https:\/\/www.oc.com.tn\/wp-content\/uploads\/2025\/08\/info.jpg\" class=\"attachment-large size-large wp-post-image lazyload\" alt=\"\" data-srcset=\"https:\/\/www.oc.com.tn\/wp-content\/uploads\/2025\/08\/info.jpg 960w, https:\/\/www.oc.com.tn\/wp-content\/uploads\/2025\/08\/info-300x200.jpg 300w, https:\/\/www.oc.com.tn\/wp-content\/uploads\/2025\/08\/info-768x512.jpg 768w, https:\/\/www.oc.com.tn\/wp-content\/uploads\/2025\/08\/info-730x487.jpg 730w\" data-sizes=\"(max-width: 730px) 100vw, 730px\" src=\"data:image\/svg+xml;base64,PHN2ZyB3aWR0aD0iMSIgaGVpZ2h0PSIxIiB4bWxucz0iaHR0cDovL3d3dy53My5vcmcvMjAwMC9zdmciPjwvc3ZnPg==\" style=\"--smush-placeholder-width: 730px; --smush-placeholder-aspect-ratio: 730\/487;\" \/><\/div><a class=\"wp-block-latest-posts__post-title\" href=\"https:\/\/www.oc.com.tn\/fr\/avis-aux-collecteurs-de-cereales\/\">Avis aux collecteurs de c\u00e9r\u00e9ales<\/a><time datetime=\"2025-08-23T12:02:00+02:00\" class=\"wp-block-latest-posts__post-date\">2025-08-23<\/time><div class=\"wp-block-latest-posts__post-excerpt\"><\/div><\/li>\n<li><div class=\"wp-block-latest-posts__featured-image aligncenter\"><img decoding=\"async\" width=\"730\" height=\"543\" data-src=\"https:\/\/www.oc.com.tn\/wp-content\/uploads\/2025\/08\/information-3.jpg\" class=\"attachment-large size-large wp-post-image lazyload\" alt=\"\" data-srcset=\"https:\/\/www.oc.com.tn\/wp-content\/uploads\/2025\/08\/information-3.jpg 800w, https:\/\/www.oc.com.tn\/wp-content\/uploads\/2025\/08\/information-3-300x223.jpg 300w, https:\/\/www.oc.com.tn\/wp-content\/uploads\/2025\/08\/information-3-768x571.jpg 768w, https:\/\/www.oc.com.tn\/wp-content\/uploads\/2025\/08\/information-3-730x543.jpg 730w\" data-sizes=\"(max-width: 730px) 100vw, 730px\" src=\"data:image\/svg+xml;base64,PHN2ZyB3aWR0aD0iMSIgaGVpZ2h0PSIxIiB4bWxucz0iaHR0cDovL3d3dy53My5vcmcvMjAwMC9zdmciPjwvc3ZnPg==\" style=\"--smush-placeholder-width: 730px; --smush-placeholder-aspect-ratio: 730\/543;\" \/><\/div><a class=\"wp-block-latest-posts__post-title\" href=\"https:\/\/www.oc.com.tn\/fr\/le-mercredi-20-aout-2025-une-seance-de-travail-du-comite-de-productivite-sest-tenue-sous-la-presidence-du-gouvernement\/\">Le mercredi 20 ao\u00fbt 2025, une s\u00e9ance de travail du Comit\u00e9 de productivit\u00e9 s&#8217;est tenue sous la pr\u00e9sidence du gouvernement<\/a><time datetime=\"2025-08-21T14:17:00+02:00\" class=\"wp-block-latest-posts__post-date\">2025-08-21<\/time><div class=\"wp-block-latest-posts__post-excerpt\">Le mercredi 20 ao\u00fbt 2025, une s\u00e9ance de travail du Comit\u00e9 de productivit\u00e9, pr\u00e9sid\u00e9e par le Premier ministre, s&#8217;est tenue afin d&#8217;examiner le dossier de mesure de la productivit\u00e9 pour les ann\u00e9es 2021, 2022 et 2023. Cette\u2026 <a class=\"wp-block-latest-posts__read-more\" href=\"https:\/\/www.oc.com.tn\/fr\/le-mercredi-20-aout-2025-une-seance-de-travail-du-comite-de-productivite-sest-tenue-sous-la-presidence-du-gouvernement\/\" rel=\"noopener noreferrer\">Lire la suite<span class=\"screen-reader-text\">\u00a0: Le mercredi 20 ao\u00fbt 2025, une s\u00e9ance de travail du Comit\u00e9 de productivit\u00e9 s&#8217;est tenue sous la pr\u00e9sidence du gouvernement<\/span><\/a><\/div><\/li>\n<li><div class=\"wp-block-latest-posts__featured-image aligncenter\"><img decoding=\"async\" width=\"730\" height=\"487\" data-src=\"https:\/\/www.oc.com.tn\/wp-content\/uploads\/2025\/07\/millit-2-1024x683.jpg\" class=\"attachment-large size-large wp-post-image lazyload\" alt=\"\" data-srcset=\"https:\/\/www.oc.com.tn\/wp-content\/uploads\/2025\/07\/millit-2-1024x683.jpg 1024w, https:\/\/www.oc.com.tn\/wp-content\/uploads\/2025\/07\/millit-2-300x200.jpg 300w, https:\/\/www.oc.com.tn\/wp-content\/uploads\/2025\/07\/millit-2-768x512.jpg 768w, https:\/\/www.oc.com.tn\/wp-content\/uploads\/2025\/07\/millit-2-1536x1024.jpg 1536w, https:\/\/www.oc.com.tn\/wp-content\/uploads\/2025\/07\/millit-2-730x487.jpg 730w, https:\/\/www.oc.com.tn\/wp-content\/uploads\/2025\/07\/millit-2-1070x713.jpg 1070w, https:\/\/www.oc.com.tn\/wp-content\/uploads\/2025\/07\/millit-2.jpg 2048w\" data-sizes=\"(max-width: 730px) 100vw, 730px\" src=\"data:image\/svg+xml;base64,PHN2ZyB3aWR0aD0iMSIgaGVpZ2h0PSIxIiB4bWxucz0iaHR0cDovL3d3dy53My5vcmcvMjAwMC9zdmciPjwvc3ZnPg==\" style=\"--smush-placeholder-width: 730px; --smush-placeholder-aspect-ratio: 730\/487;\" \/><\/div><a class=\"wp-block-latest-posts__post-title\" href=\"https:\/\/www.oc.com.tn\/fr\/dans-le-cadre-du-soutien-du-ministere-de-la-defense-nationale-aux-efforts-du-ministere-de-lagriculture-des-ressources-hydrauliques-et-de-la-peche-pour-fournir-des-espaces-de-stockage-de-cereales\/\">Dans le cadre du soutien du Minist\u00e8re de la D\u00e9fense Nationale aux efforts du Minist\u00e8re de l&#8217;Agriculture, des Ressources Hydrauliques et de la P\u00eache pour fournir des espaces de stockage de c\u00e9r\u00e9ales<\/a><time datetime=\"2025-07-24T11:55:55+02:00\" class=\"wp-block-latest-posts__post-date\">2025-07-24<\/time><div class=\"wp-block-latest-posts__post-excerpt\">Dans le cadre du soutien du minist\u00e8re de la D\u00e9fense nationale aux efforts du minist\u00e8re de l&#8217;Agriculture, des Ressources hydrauliques et de la P\u00eache pour fournir des espaces de stockage de c\u00e9r\u00e9ales, une s\u00e9ance de travail s&#8217;est\u2026 <a class=\"wp-block-latest-posts__read-more\" href=\"https:\/\/www.oc.com.tn\/fr\/dans-le-cadre-du-soutien-du-ministere-de-la-defense-nationale-aux-efforts-du-ministere-de-lagriculture-des-ressources-hydrauliques-et-de-la-peche-pour-fournir-des-espaces-de-stockage-de-cereales\/\" rel=\"noopener noreferrer\">Lire la suite<span class=\"screen-reader-text\">\u00a0: Dans le cadre du soutien du Minist\u00e8re de la D\u00e9fense Nationale aux efforts du Minist\u00e8re de l&#8217;Agriculture, des Ressources Hydrauliques et de la P\u00eache pour fournir des espaces de stockage de c\u00e9r\u00e9ales<\/span><\/a><\/div><\/li>\n<li><div class=\"wp-block-latest-posts__featured-image aligncenter\"><img decoding=\"async\" width=\"730\" height=\"487\" data-src=\"https:\/\/www.oc.com.tn\/wp-content\/uploads\/2025\/07\/assemblee-6-1024x683.jpg\" class=\"attachment-large size-large wp-post-image lazyload\" alt=\"\" data-srcset=\"https:\/\/www.oc.com.tn\/wp-content\/uploads\/2025\/07\/assemblee-6-1024x683.jpg 1024w, https:\/\/www.oc.com.tn\/wp-content\/uploads\/2025\/07\/assemblee-6-300x200.jpg 300w, https:\/\/www.oc.com.tn\/wp-content\/uploads\/2025\/07\/assemblee-6-768x512.jpg 768w, https:\/\/www.oc.com.tn\/wp-content\/uploads\/2025\/07\/assemblee-6-1536x1024.jpg 1536w, https:\/\/www.oc.com.tn\/wp-content\/uploads\/2025\/07\/assemblee-6-730x487.jpg 730w, https:\/\/www.oc.com.tn\/wp-content\/uploads\/2025\/07\/assemblee-6-1070x713.jpg 1070w, https:\/\/www.oc.com.tn\/wp-content\/uploads\/2025\/07\/assemblee-6.jpg 2048w\" data-sizes=\"(max-width: 730px) 100vw, 730px\" src=\"data:image\/svg+xml;base64,PHN2ZyB3aWR0aD0iMSIgaGVpZ2h0PSIxIiB4bWxucz0iaHR0cDovL3d3dy53My5vcmcvMjAwMC9zdmciPjwvc3ZnPg==\" style=\"--smush-placeholder-width: 730px; --smush-placeholder-aspect-ratio: 730\/487;\" \/><\/div><a class=\"wp-block-latest-posts__post-title\" href=\"https:\/\/www.oc.com.tn\/fr\/la-commission-de-lindustrie-et-du-commerce-organise-une-audition-sur-le-systeme-de-production-de-pain-et-de-fibres\/\">La commission de l&#8217;industrie et du commerce organise une audition sur le syst\u00e8me de production de pain et de fibres<\/a><time datetime=\"2025-07-18T11:34:17+02:00\" class=\"wp-block-latest-posts__post-date\">2025-07-18<\/time><div class=\"wp-block-latest-posts__post-excerpt\">La Commission de l&#8217;industrie, du commerce, des ressources naturelles, de l&#8217;\u00e9nergie et de l&#8217;environnement a tenu une session le jeudi 17 juillet 2025 afin d&#8217;entendre les repr\u00e9sentants du minist\u00e8re du Commerce et du D\u00e9veloppement des exportations, du\u2026 <a class=\"wp-block-latest-posts__read-more\" href=\"https:\/\/www.oc.com.tn\/fr\/la-commission-de-lindustrie-et-du-commerce-organise-une-audition-sur-le-systeme-de-production-de-pain-et-de-fibres\/\" rel=\"noopener noreferrer\">Lire la suite<span class=\"screen-reader-text\">\u00a0: La commission de l&#8217;industrie et du commerce organise une audition sur le syst\u00e8me de production de pain et de fibres<\/span><\/a><\/div><\/li>\n<li><div class=\"wp-block-latest-posts__featured-image aligncenter\"><img decoding=\"async\" width=\"730\" height=\"548\" data-src=\"https:\/\/www.oc.com.tn\/wp-content\/uploads\/2025\/07\/beja1-1024x768.jpg\" class=\"attachment-large size-large wp-post-image lazyload\" alt=\"\" data-srcset=\"https:\/\/www.oc.com.tn\/wp-content\/uploads\/2025\/07\/beja1-1024x768.jpg 1024w, https:\/\/www.oc.com.tn\/wp-content\/uploads\/2025\/07\/beja1-300x225.jpg 300w, https:\/\/www.oc.com.tn\/wp-content\/uploads\/2025\/07\/beja1-768x576.jpg 768w, https:\/\/www.oc.com.tn\/wp-content\/uploads\/2025\/07\/beja1-356x267.jpg 356w, https:\/\/www.oc.com.tn\/wp-content\/uploads\/2025\/07\/beja1-730x548.jpg 730w, https:\/\/www.oc.com.tn\/wp-content\/uploads\/2025\/07\/beja1-1070x803.jpg 1070w, https:\/\/www.oc.com.tn\/wp-content\/uploads\/2025\/07\/beja1.jpg 1280w\" data-sizes=\"(max-width: 730px) 100vw, 730px\" src=\"data:image\/svg+xml;base64,PHN2ZyB3aWR0aD0iMSIgaGVpZ2h0PSIxIiB4bWxucz0iaHR0cDovL3d3dy53My5vcmcvMjAwMC9zdmciPjwvc3ZnPg==\" style=\"--smush-placeholder-width: 730px; --smush-placeholder-aspect-ratio: 730\/548;\" \/><\/div><a class=\"wp-block-latest-posts__post-title\" href=\"https:\/\/www.oc.com.tn\/fr\/dans-le-cadre-du-suivi-de-la-campagne-de-collecte-des-cereales-2025-la-presidente-directrice-generale-de-loffice-des-cereales-a-effectue-une-visite-de-terrain-dans-le-gouvernorat-de-beja-le\/\">Dans le cadre du suivi de la campagne de collecte des c\u00e9r\u00e9ales 2025, la Pr\u00e9sidente Directrice G\u00e9n\u00e9rale de l\u2019Office des C\u00e9r\u00e9ales a effectu\u00e9 une visite de terrain dans le gouvernorat de B\u00e9ja le mercredi 16 juillet 2025, accompagn\u00e9 d&#8217;un groupe de hauts fonctionnaires.<\/a><time datetime=\"2025-07-18T10:36:16+02:00\" class=\"wp-block-latest-posts__post-date\">2025-07-18<\/time><div class=\"wp-block-latest-posts__post-excerpt\">La visite a d\u00e9but\u00e9 par une s\u00e9ance de travail pr\u00e9sid\u00e9e par le gouverneur de la r\u00e9gion, suivie de visites de terrain dans les centres de collecte suivants&nbsp;:<\/div><\/li>\n<li><div class=\"wp-block-latest-posts__featured-image aligncenter\"><img decoding=\"async\" width=\"730\" height=\"404\" data-src=\"https:\/\/www.oc.com.tn\/wp-content\/uploads\/2025\/07\/news15072025-1024x567.png\" class=\"attachment-large size-large wp-post-image lazyload\" alt=\"\" data-srcset=\"https:\/\/www.oc.com.tn\/wp-content\/uploads\/2025\/07\/news15072025-1024x567.png 1024w, https:\/\/www.oc.com.tn\/wp-content\/uploads\/2025\/07\/news15072025-300x166.png 300w, https:\/\/www.oc.com.tn\/wp-content\/uploads\/2025\/07\/news15072025-768x425.png 768w, https:\/\/www.oc.com.tn\/wp-content\/uploads\/2025\/07\/news15072025-730x404.png 730w, https:\/\/www.oc.com.tn\/wp-content\/uploads\/2025\/07\/news15072025-1070x592.png 1070w, https:\/\/www.oc.com.tn\/wp-content\/uploads\/2025\/07\/news15072025.png 1476w\" data-sizes=\"(max-width: 730px) 100vw, 730px\" src=\"data:image\/svg+xml;base64,PHN2ZyB3aWR0aD0iMSIgaGVpZ2h0PSIxIiB4bWxucz0iaHR0cDovL3d3dy53My5vcmcvMjAwMC9zdmciPjwvc3ZnPg==\" style=\"--smush-placeholder-width: 730px; --smush-placeholder-aspect-ratio: 730\/404;\" \/><\/div><a class=\"wp-block-latest-posts__post-title\" href=\"https:\/\/www.oc.com.tn\/fr\/ministere-de-lagriculture-des-ressources-hydrauliques-et-de-la-peche-les-quantites-de-cereales-premium-collectees-depassent-la-moyenne-des-cinq-dernieres-annees\/\">Minist\u00e8re de l&#8217;Agriculture, des Ressources Hydrauliques et de la P\u00eache : Les quantit\u00e9s de c\u00e9r\u00e9ales premium collect\u00e9es d\u00e9passent la moyenne des cinq derni\u00e8res ann\u00e9es.<\/a><time datetime=\"2025-07-15T12:26:04+02:00\" class=\"wp-block-latest-posts__post-date\">2025-07-15<\/time><div class=\"wp-block-latest-posts__post-excerpt\"><\/div><\/li>\n<li><div class=\"wp-block-latest-posts__featured-image aligncenter\"><img decoding=\"async\" width=\"730\" height=\"349\" data-src=\"https:\/\/www.oc.com.tn\/wp-content\/uploads\/2025\/07\/jort-1024x490.png\" class=\"attachment-large size-large wp-post-image lazyload\" alt=\"\" data-srcset=\"https:\/\/www.oc.com.tn\/wp-content\/uploads\/2025\/07\/jort-1024x490.png 1024w, https:\/\/www.oc.com.tn\/wp-content\/uploads\/2025\/07\/jort-300x144.png 300w, https:\/\/www.oc.com.tn\/wp-content\/uploads\/2025\/07\/jort-768x368.png 768w, https:\/\/www.oc.com.tn\/wp-content\/uploads\/2025\/07\/jort-1536x736.png 1536w, https:\/\/www.oc.com.tn\/wp-content\/uploads\/2025\/07\/jort-730x350.png 730w, https:\/\/www.oc.com.tn\/wp-content\/uploads\/2025\/07\/jort-1070x512.png 1070w, https:\/\/www.oc.com.tn\/wp-content\/uploads\/2025\/07\/jort.png 1708w\" data-sizes=\"(max-width: 730px) 100vw, 730px\" src=\"data:image\/svg+xml;base64,PHN2ZyB3aWR0aD0iMSIgaGVpZ2h0PSIxIiB4bWxucz0iaHR0cDovL3d3dy53My5vcmcvMjAwMC9zdmciPjwvc3ZnPg==\" style=\"--smush-placeholder-width: 730px; --smush-placeholder-aspect-ratio: 730\/349;\" \/><\/div><a class=\"wp-block-latest-posts__post-title\" href=\"https:\/\/www.oc.com.tn\/fr\/emission-de-larrete-fixant-le-prix-des-cereales-et-le-mode-de-paiement-de-stockage-et-de-transfert-pour-la-campagne-2025-2026\/\">\u00c9mission de l&#8217;arr\u00eat\u00e9 fixant le prix des c\u00e9r\u00e9ales et le mode de paiement, de stockage et de transfert pour la campagne 2025-2026.<\/a><time datetime=\"2025-07-15T12:09:15+02:00\" class=\"wp-block-latest-posts__post-date\">2025-07-15<\/time><div class=\"wp-block-latest-posts__post-excerpt\">T\u00e9l\u00e9charger le fichier cliquer ici<\/div><\/li>\n<li><div class=\"wp-block-latest-posts__featured-image aligncenter\"><img decoding=\"async\" width=\"730\" height=\"411\" data-src=\"https:\/\/www.oc.com.tn\/wp-content\/uploads\/2025\/05\/Capture-decran-2025-05-29-113150-1024x577.png\" class=\"attachment-large size-large wp-post-image lazyload\" alt=\"\" data-srcset=\"https:\/\/www.oc.com.tn\/wp-content\/uploads\/2025\/05\/Capture-decran-2025-05-29-113150-1024x577.png 1024w, https:\/\/www.oc.com.tn\/wp-content\/uploads\/2025\/05\/Capture-decran-2025-05-29-113150-300x169.png 300w, https:\/\/www.oc.com.tn\/wp-content\/uploads\/2025\/05\/Capture-decran-2025-05-29-113150-768x433.png 768w, https:\/\/www.oc.com.tn\/wp-content\/uploads\/2025\/05\/Capture-decran-2025-05-29-113150-730x411.png 730w, https:\/\/www.oc.com.tn\/wp-content\/uploads\/2025\/05\/Capture-decran-2025-05-29-113150-1070x603.png 1070w, https:\/\/www.oc.com.tn\/wp-content\/uploads\/2025\/05\/Capture-decran-2025-05-29-113150.png 1191w\" data-sizes=\"(max-width: 730px) 100vw, 730px\" src=\"data:image\/svg+xml;base64,PHN2ZyB3aWR0aD0iMSIgaGVpZ2h0PSIxIiB4bWxucz0iaHR0cDovL3d3dy53My5vcmcvMjAwMC9zdmciPjwvc3ZnPg==\" style=\"--smush-placeholder-width: 730px; --smush-placeholder-aspect-ratio: 730\/411;\" \/><\/div><a class=\"wp-block-latest-posts__post-title\" href=\"https:\/\/www.oc.com.tn\/fr\/interview-de-mme-saloua-ben-hadid-zouari\/\">Interview de Mme Saloua Ben Hadid Zouari<\/a><time datetime=\"2025-05-29T12:33:32+02:00\" class=\"wp-block-latest-posts__post-date\">2025-05-29<\/time><div class=\"wp-block-latest-posts__post-excerpt\">Interview de Mme Saloua Ben Hadid Zouari, la Pr\u00e9sidente Directrice G\u00e9n\u00e9rale de l&#8217;Office des C\u00e9r\u00e9ales, \u00e0 l\u2019occasion de la journ\u00e9e d&#8217;information r\u00e9gionale sur la r\u00e9colte et la collecte des c\u00e9r\u00e9ales.<\/div><\/li>\n<li><div class=\"wp-block-latest-posts__featured-image aligncenter\"><img decoding=\"async\" width=\"622\" height=\"848\" data-src=\"https:\/\/www.oc.com.tn\/wp-content\/uploads\/2025\/05\/\u0628\u0644\u0627\u063a.jpg\" class=\"attachment-large size-large wp-post-image lazyload\" alt=\"\" data-srcset=\"https:\/\/www.oc.com.tn\/wp-content\/uploads\/2025\/05\/\u0628\u0644\u0627\u063a.jpg 622w, https:\/\/www.oc.com.tn\/wp-content\/uploads\/2025\/05\/\u0628\u0644\u0627\u063a-220x300.jpg 220w\" data-sizes=\"(max-width: 622px) 100vw, 622px\" src=\"data:image\/svg+xml;base64,PHN2ZyB3aWR0aD0iMSIgaGVpZ2h0PSIxIiB4bWxucz0iaHR0cDovL3d3dy53My5vcmcvMjAwMC9zdmciPjwvc3ZnPg==\" style=\"--smush-placeholder-width: 622px; --smush-placeholder-aspect-ratio: 622\/848;\" \/><\/div><a class=\"wp-block-latest-posts__post-title\" href=\"https:\/\/www.oc.com.tn\/fr\/avis\/\">Avis<\/a><time datetime=\"2025-05-16T10:14:20+02:00\" class=\"wp-block-latest-posts__post-date\">2025-05-16<\/time><div class=\"wp-block-latest-posts__post-excerpt\"><\/div><\/li>\n<li><div class=\"wp-block-latest-posts__featured-image aligncenter\"><img decoding=\"async\" width=\"730\" height=\"411\" data-src=\"https:\/\/www.oc.com.tn\/wp-content\/uploads\/2025\/05\/Capture-decran-2025-05-16-083530-1024x576.png\" class=\"attachment-large size-large wp-post-image lazyload\" alt=\"\" data-srcset=\"https:\/\/www.oc.com.tn\/wp-content\/uploads\/2025\/05\/Capture-decran-2025-05-16-083530-1024x576.png 1024w, https:\/\/www.oc.com.tn\/wp-content\/uploads\/2025\/05\/Capture-decran-2025-05-16-083530-300x169.png 300w, https:\/\/www.oc.com.tn\/wp-content\/uploads\/2025\/05\/Capture-decran-2025-05-16-083530-768x432.png 768w, https:\/\/www.oc.com.tn\/wp-content\/uploads\/2025\/05\/Capture-decran-2025-05-16-083530-730x411.png 730w, https:\/\/www.oc.com.tn\/wp-content\/uploads\/2025\/05\/Capture-decran-2025-05-16-083530-1070x602.png 1070w, https:\/\/www.oc.com.tn\/wp-content\/uploads\/2025\/05\/Capture-decran-2025-05-16-083530.png 1180w\" data-sizes=\"(max-width: 730px) 100vw, 730px\" src=\"data:image\/svg+xml;base64,PHN2ZyB3aWR0aD0iMSIgaGVpZ2h0PSIxIiB4bWxucz0iaHR0cDovL3d3dy53My5vcmcvMjAwMC9zdmciPjwvc3ZnPg==\" style=\"--smush-placeholder-width: 730px; --smush-placeholder-aspect-ratio: 730\/411;\" \/><\/div><a class=\"wp-block-latest-posts__post-title\" href=\"https:\/\/www.oc.com.tn\/fr\/assemblee-de-representants-du-peuple\/\">Assembl\u00e9e de repr\u00e9sentants du peuple<\/a><time datetime=\"2025-05-15T09:58:05+02:00\" class=\"wp-block-latest-posts__post-date\">2025-05-15<\/time><div class=\"wp-block-latest-posts__post-excerpt\">La Commission des Finances et du Budget a entendu la PDG de l&#8217;Office des C\u00e9r\u00e9ales concernant le suivi des pr\u00eats accord\u00e9s dans le cadre du projet d&#8217;appui aux interventions urgentes pour la s\u00e9curit\u00e9 alimentaire en Tunisie.<\/div><\/li>\n<li><div class=\"wp-block-latest-posts__featured-image aligncenter\"><img decoding=\"async\" width=\"730\" height=\"413\" data-src=\"https:\/\/www.oc.com.tn\/wp-content\/uploads\/2025\/04\/nab-1024x579.png\" class=\"attachment-large size-large wp-post-image lazyload\" alt=\"\" data-srcset=\"https:\/\/www.oc.com.tn\/wp-content\/uploads\/2025\/04\/nab-1024x579.png 1024w, https:\/\/www.oc.com.tn\/wp-content\/uploads\/2025\/04\/nab-300x170.png 300w, https:\/\/www.oc.com.tn\/wp-content\/uploads\/2025\/04\/nab-768x434.png 768w, https:\/\/www.oc.com.tn\/wp-content\/uploads\/2025\/04\/nab-730x413.png 730w, https:\/\/www.oc.com.tn\/wp-content\/uploads\/2025\/04\/nab-1070x605.png 1070w, https:\/\/www.oc.com.tn\/wp-content\/uploads\/2025\/04\/nab.png 1447w\" data-sizes=\"(max-width: 730px) 100vw, 730px\" src=\"data:image\/svg+xml;base64,PHN2ZyB3aWR0aD0iMSIgaGVpZ2h0PSIxIiB4bWxucz0iaHR0cDovL3d3dy53My5vcmcvMjAwMC9zdmciPjwvc3ZnPg==\" style=\"--smush-placeholder-width: 730px; --smush-placeholder-aspect-ratio: 730\/413;\" \/><\/div><a class=\"wp-block-latest-posts__post-title\" href=\"https:\/\/www.oc.com.tn\/fr\/intervention-de-m-nabil-zarrouk-directeur-general-adjoint-de-loffice-des-cereales\/\">Intervention de M. Nabil Zarrouk, Directeur G\u00e9n\u00e9ral Adjoint de l\u2019Office des C\u00e9r\u00e9ales<\/a><time datetime=\"2025-04-24T11:21:31+02:00\" class=\"wp-block-latest-posts__post-date\">2025-04-24<\/time><div class=\"wp-block-latest-posts__post-excerpt\">Intervention de M. Nabil Zarrouk, Directeur G\u00e9n\u00e9ral Adjoint de l\u2019Office des C\u00e9r\u00e9ales, sur le Projet de R\u00e9ponse \u00e0 la R\u00e9silience en S\u00e9curit\u00e9 Alimentaire, financ\u00e9 par la Banque Europ\u00e9enne pour la Reconstruction et le D\u00e9veloppement.<\/div><\/li>\n<li><div class=\"wp-block-latest-posts__featured-image aligncenter\"><img decoding=\"async\" width=\"730\" height=\"402\" data-src=\"https:\/\/www.oc.com.tn\/wp-content\/uploads\/2025\/04\/jawhara-1024x564.png\" class=\"attachment-large size-large wp-post-image lazyload\" alt=\"\" data-srcset=\"https:\/\/www.oc.com.tn\/wp-content\/uploads\/2025\/04\/jawhara-1024x564.png 1024w, https:\/\/www.oc.com.tn\/wp-content\/uploads\/2025\/04\/jawhara-300x165.png 300w, https:\/\/www.oc.com.tn\/wp-content\/uploads\/2025\/04\/jawhara-768x423.png 768w, https:\/\/www.oc.com.tn\/wp-content\/uploads\/2025\/04\/jawhara-730x402.png 730w, https:\/\/www.oc.com.tn\/wp-content\/uploads\/2025\/04\/jawhara-1070x590.png 1070w, https:\/\/www.oc.com.tn\/wp-content\/uploads\/2025\/04\/jawhara.png 1448w\" data-sizes=\"(max-width: 730px) 100vw, 730px\" src=\"data:image\/svg+xml;base64,PHN2ZyB3aWR0aD0iMSIgaGVpZ2h0PSIxIiB4bWxucz0iaHR0cDovL3d3dy53My5vcmcvMjAwMC9zdmciPjwvc3ZnPg==\" style=\"--smush-placeholder-width: 730px; --smush-placeholder-aspect-ratio: 730\/402;\" \/><\/div><a class=\"wp-block-latest-posts__post-title\" href=\"https:\/\/www.oc.com.tn\/fr\/intervention-du-president-general-de-loffice-des-cereales-sur-la-radio-jawhara-fm\/\">Intervention de la Pr\u00e9sidente Directrice G\u00e9n\u00e9rale de l&#8217;Office des c\u00e9r\u00e9ales sur Radio Jawhara FM<\/a><time datetime=\"2025-04-23T15:43:36+02:00\" class=\"wp-block-latest-posts__post-date\">2025-04-23<\/time><div class=\"wp-block-latest-posts__post-excerpt\">la Pr\u00e9sidente Directrice G\u00e9n\u00e9rale de l&#8217;Office des C\u00e9r\u00e9ales a intervenue sur radio Jawhara FM pour parler des pr\u00e9paratifs de la saison des r\u00e9coltes dans le gouvernorat de Sousse.<\/div><\/li>\n<li><div class=\"wp-block-latest-posts__featured-image aligncenter\"><img decoding=\"async\" width=\"730\" height=\"429\" data-src=\"https:\/\/www.oc.com.tn\/wp-content\/uploads\/2025\/04\/2s-1-1024x602.jpg\" class=\"attachment-large size-large wp-post-image lazyload\" alt=\"\" data-srcset=\"https:\/\/www.oc.com.tn\/wp-content\/uploads\/2025\/04\/2s-1-1024x602.jpg 1024w, https:\/\/www.oc.com.tn\/wp-content\/uploads\/2025\/04\/2s-1-300x176.jpg 300w, https:\/\/www.oc.com.tn\/wp-content\/uploads\/2025\/04\/2s-1-768x452.jpg 768w, https:\/\/www.oc.com.tn\/wp-content\/uploads\/2025\/04\/2s-1-1536x903.jpg 1536w, https:\/\/www.oc.com.tn\/wp-content\/uploads\/2025\/04\/2s-1-730x429.jpg 730w, https:\/\/www.oc.com.tn\/wp-content\/uploads\/2025\/04\/2s-1-1070x629.jpg 1070w, https:\/\/www.oc.com.tn\/wp-content\/uploads\/2025\/04\/2s-1.jpg 2048w\" data-sizes=\"(max-width: 730px) 100vw, 730px\" src=\"data:image\/svg+xml;base64,PHN2ZyB3aWR0aD0iMSIgaGVpZ2h0PSIxIiB4bWxucz0iaHR0cDovL3d3dy53My5vcmcvMjAwMC9zdmciPjwvc3ZnPg==\" style=\"--smush-placeholder-width: 730px; --smush-placeholder-aspect-ratio: 730\/429;\" \/><\/div><a class=\"wp-block-latest-posts__post-title\" href=\"https:\/\/www.oc.com.tn\/fr\/seance-sur-les-preparatifs-de-la-saison-de-recolte-et-de-collecte-des-cereales\/\">S\u00e9ance de travail sur les pr\u00e9paratifs de la collecte des c\u00e9r\u00e9ales dans le gouvernorat de sousse<\/a><time datetime=\"2025-04-23T15:41:12+02:00\" class=\"wp-block-latest-posts__post-date\">2025-04-23<\/time><div class=\"wp-block-latest-posts__post-excerpt\">Sur invitation de M. Sofiane Tanfouri, Gouverneur de Sousse, la Pr\u00e9sidente Directrice G\u00e9n\u00e9rale de l&#8217;Office des c\u00e9r\u00e9ales a effectu\u00e9 le 22\/04\/2025 une visite de travail dans le gouvernorat de Sousse. La r\u00e9union a port\u00e9 essentiellement sur les\u2026 <a class=\"wp-block-latest-posts__read-more\" href=\"https:\/\/www.oc.com.tn\/fr\/seance-sur-les-preparatifs-de-la-saison-de-recolte-et-de-collecte-des-cereales\/\" rel=\"noopener noreferrer\">Lire la suite<span class=\"screen-reader-text\">\u00a0: S\u00e9ance de travail sur les pr\u00e9paratifs de la collecte des c\u00e9r\u00e9ales dans le gouvernorat de sousse<\/span><\/a><\/div><\/li>\n<li><div class=\"wp-block-latest-posts__featured-image aligncenter\"><img decoding=\"async\" width=\"730\" height=\"379\" data-src=\"https:\/\/www.oc.com.tn\/wp-content\/uploads\/2025\/04\/Capture-decran-2025-04-16-143344-1024x531.png\" class=\"attachment-large size-large wp-post-image lazyload\" alt=\"\" data-srcset=\"https:\/\/www.oc.com.tn\/wp-content\/uploads\/2025\/04\/Capture-decran-2025-04-16-143344-1024x531.png 1024w, https:\/\/www.oc.com.tn\/wp-content\/uploads\/2025\/04\/Capture-decran-2025-04-16-143344-300x156.png 300w, https:\/\/www.oc.com.tn\/wp-content\/uploads\/2025\/04\/Capture-decran-2025-04-16-143344-768x399.png 768w, https:\/\/www.oc.com.tn\/wp-content\/uploads\/2025\/04\/Capture-decran-2025-04-16-143344-730x379.png 730w, https:\/\/www.oc.com.tn\/wp-content\/uploads\/2025\/04\/Capture-decran-2025-04-16-143344-1070x555.png 1070w, https:\/\/www.oc.com.tn\/wp-content\/uploads\/2025\/04\/Capture-decran-2025-04-16-143344.png 1295w\" data-sizes=\"(max-width: 730px) 100vw, 730px\" src=\"data:image\/svg+xml;base64,PHN2ZyB3aWR0aD0iMSIgaGVpZ2h0PSIxIiB4bWxucz0iaHR0cDovL3d3dy53My5vcmcvMjAwMC9zdmciPjwvc3ZnPg==\" style=\"--smush-placeholder-width: 730px; --smush-placeholder-aspect-ratio: 730\/379;\" \/><\/div><a class=\"wp-block-latest-posts__post-title\" href=\"https:\/\/www.oc.com.tn\/fr\/17367\/\">Invit\u00e9e de la semaine : Madame la Pr\u00e9sidente, directrice g\u00e9n\u00e9rale de l&#8217;office des c\u00e9r\u00e9ales<\/a><time datetime=\"2025-04-16T16:26:46+02:00\" class=\"wp-block-latest-posts__post-date\">2025-04-16<\/time><div class=\"wp-block-latest-posts__post-excerpt\"><\/div><\/li>\n<li><div class=\"wp-block-latest-posts__featured-image aligncenter\"><img decoding=\"async\" width=\"730\" height=\"317\" data-src=\"https:\/\/www.oc.com.tn\/wp-content\/uploads\/2025\/04\/berd2-1024x444.jpg\" class=\"attachment-large size-large wp-post-image lazyload\" alt=\"\" data-srcset=\"https:\/\/www.oc.com.tn\/wp-content\/uploads\/2025\/04\/berd2-1024x444.jpg 1024w, https:\/\/www.oc.com.tn\/wp-content\/uploads\/2025\/04\/berd2-300x130.jpg 300w, https:\/\/www.oc.com.tn\/wp-content\/uploads\/2025\/04\/berd2-768x333.jpg 768w, https:\/\/www.oc.com.tn\/wp-content\/uploads\/2025\/04\/berd2-1536x665.jpg 1536w, https:\/\/www.oc.com.tn\/wp-content\/uploads\/2025\/04\/berd2-730x316.jpg 730w, https:\/\/www.oc.com.tn\/wp-content\/uploads\/2025\/04\/berd2-1070x463.jpg 1070w, https:\/\/www.oc.com.tn\/wp-content\/uploads\/2025\/04\/berd2.jpg 2048w\" data-sizes=\"(max-width: 730px) 100vw, 730px\" src=\"data:image\/svg+xml;base64,PHN2ZyB3aWR0aD0iMSIgaGVpZ2h0PSIxIiB4bWxucz0iaHR0cDovL3d3dy53My5vcmcvMjAwMC9zdmciPjwvc3ZnPg==\" style=\"--smush-placeholder-width: 730px; --smush-placeholder-aspect-ratio: 730\/317;\" \/><\/div><a class=\"wp-block-latest-posts__post-title\" href=\"https:\/\/www.oc.com.tn\/fr\/visite-des-responsables-de-la-banque-europeenne\/\">visite des responsables de la banque Europ\u00e9enne<\/a><time datetime=\"2025-04-10T12:31:00+02:00\" class=\"wp-block-latest-posts__post-date\">2025-04-10<\/time><div class=\"wp-block-latest-posts__post-excerpt\">Dans le cadre de la poursuite la de visite des responsables de la Banque Europ\u00e9enne pour la Reconstruction et le d\u00e9veloppement (BERD) en Tunisie , une r\u00e9union s\u2019est tenue le 10 avril 2025 au si\u00e8ge de l\u2019Office\u2026 <a class=\"wp-block-latest-posts__read-more\" href=\"https:\/\/www.oc.com.tn\/fr\/visite-des-responsables-de-la-banque-europeenne\/\" rel=\"noopener noreferrer\">Lire la suite<span class=\"screen-reader-text\">\u00a0: visite des responsables de la banque Europ\u00e9enne<\/span><\/a><\/div><\/li>\n<li><div class=\"wp-block-latest-posts__featured-image aligncenter\"><img decoding=\"async\" width=\"730\" height=\"452\" data-src=\"https:\/\/www.oc.com.tn\/wp-content\/uploads\/2025\/03\/180320256-1024x634.jpg\" class=\"attachment-large size-large wp-post-image lazyload\" alt=\"\" data-srcset=\"https:\/\/www.oc.com.tn\/wp-content\/uploads\/2025\/03\/180320256-1024x634.jpg 1024w, https:\/\/www.oc.com.tn\/wp-content\/uploads\/2025\/03\/180320256-300x186.jpg 300w, https:\/\/www.oc.com.tn\/wp-content\/uploads\/2025\/03\/180320256-768x476.jpg 768w, https:\/\/www.oc.com.tn\/wp-content\/uploads\/2025\/03\/180320256-730x452.jpg 730w, https:\/\/www.oc.com.tn\/wp-content\/uploads\/2025\/03\/180320256-1070x663.jpg 1070w, https:\/\/www.oc.com.tn\/wp-content\/uploads\/2025\/03\/180320256.jpg 1085w\" data-sizes=\"(max-width: 730px) 100vw, 730px\" src=\"data:image\/svg+xml;base64,PHN2ZyB3aWR0aD0iMSIgaGVpZ2h0PSIxIiB4bWxucz0iaHR0cDovL3d3dy53My5vcmcvMjAwMC9zdmciPjwvc3ZnPg==\" style=\"--smush-placeholder-width: 730px; --smush-placeholder-aspect-ratio: 730\/452;\" \/><\/div><a class=\"wp-block-latest-posts__post-title\" href=\"https:\/\/www.oc.com.tn\/fr\/office-des-cereales-vers-la-creation-de-nouvelles-capacites-de-stockage-de-lordre-de-120-mille-tonnes\/\">Office des c\u00e9r\u00e9ales : Vers la cr\u00e9ation de nouvelles capacit\u00e9s de stockage de l&#8217;ordre de 120 mille tonnes<\/a><time datetime=\"2025-03-18T10:34:02+01:00\" class=\"wp-block-latest-posts__post-date\">2025-03-18<\/time><div class=\"wp-block-latest-posts__post-excerpt\"><\/div><\/li>\n<li><div class=\"wp-block-latest-posts__featured-image aligncenter\"><img decoding=\"async\" width=\"730\" height=\"411\" data-src=\"https:\/\/www.oc.com.tn\/wp-content\/uploads\/2025\/03\/collecte2-1024x576.png\" class=\"attachment-large size-large wp-post-image lazyload\" alt=\"\" data-srcset=\"https:\/\/www.oc.com.tn\/wp-content\/uploads\/2025\/03\/collecte2-1024x576.png 1024w, https:\/\/www.oc.com.tn\/wp-content\/uploads\/2025\/03\/collecte2-300x169.png 300w, https:\/\/www.oc.com.tn\/wp-content\/uploads\/2025\/03\/collecte2-768x432.png 768w, https:\/\/www.oc.com.tn\/wp-content\/uploads\/2025\/03\/collecte2-730x411.png 730w, https:\/\/www.oc.com.tn\/wp-content\/uploads\/2025\/03\/collecte2-1070x602.png 1070w, https:\/\/www.oc.com.tn\/wp-content\/uploads\/2025\/03\/collecte2.png 1189w\" data-sizes=\"(max-width: 730px) 100vw, 730px\" src=\"data:image\/svg+xml;base64,PHN2ZyB3aWR0aD0iMSIgaGVpZ2h0PSIxIiB4bWxucz0iaHR0cDovL3d3dy53My5vcmcvMjAwMC9zdmciPjwvc3ZnPg==\" style=\"--smush-placeholder-width: 730px; --smush-placeholder-aspect-ratio: 730\/411;\" \/><\/div><a class=\"wp-block-latest-posts__post-title\" href=\"https:\/\/www.oc.com.tn\/fr\/preparation-de-la-saison-de-collecte-2025-2\/\">Pr\u00e9paration de la saison de collecte 2025<\/a><time datetime=\"2025-03-13T13:15:17+01:00\" class=\"wp-block-latest-posts__post-date\">2025-03-13<\/time><div class=\"wp-block-latest-posts__post-excerpt\"><\/div><\/li>\n<li><div class=\"wp-block-latest-posts__featured-image aligncenter\"><img decoding=\"async\" width=\"730\" height=\"487\" data-src=\"https:\/\/www.oc.com.tn\/wp-content\/uploads\/2025\/02\/d5-1024x683.jpg\" class=\"attachment-large size-large wp-post-image lazyload\" alt=\"\" data-srcset=\"https:\/\/www.oc.com.tn\/wp-content\/uploads\/2025\/02\/d5-1024x683.jpg 1024w, https:\/\/www.oc.com.tn\/wp-content\/uploads\/2025\/02\/d5-300x200.jpg 300w, https:\/\/www.oc.com.tn\/wp-content\/uploads\/2025\/02\/d5-768x513.jpg 768w, https:\/\/www.oc.com.tn\/wp-content\/uploads\/2025\/02\/d5-730x487.jpg 730w, https:\/\/www.oc.com.tn\/wp-content\/uploads\/2025\/02\/d5-1070x714.jpg 1070w, https:\/\/www.oc.com.tn\/wp-content\/uploads\/2025\/02\/d5.jpg 1386w\" data-sizes=\"(max-width: 730px) 100vw, 730px\" src=\"data:image\/svg+xml;base64,PHN2ZyB3aWR0aD0iMSIgaGVpZ2h0PSIxIiB4bWxucz0iaHR0cDovL3d3dy53My5vcmcvMjAwMC9zdmciPjwvc3ZnPg==\" style=\"--smush-placeholder-width: 730px; --smush-placeholder-aspect-ratio: 730\/487;\" \/><\/div><a class=\"wp-block-latest-posts__post-title\" href=\"https:\/\/www.oc.com.tn\/fr\/visite-de-travail-aux-emirats-arabes-unis\/\">Visite de travail aux \u00c9mirats arabes unis<\/a><time datetime=\"2025-02-24T17:00:00+01:00\" class=\"wp-block-latest-posts__post-date\">2025-02-24<\/time><div class=\"wp-block-latest-posts__post-excerpt\">Dans le cadre de la troisi\u00e8me session du Forum des exportateurs de c\u00e9r\u00e9ales de la F\u00e9d\u00e9ration de Russie, tenue \u00e0 Duba\u00ef du 17 au 19 f\u00e9vrier 2025, en pr\u00e9sence de toutes les entreprises, agriculteurs et fournisseurs sous\u2026 <a class=\"wp-block-latest-posts__read-more\" href=\"https:\/\/www.oc.com.tn\/fr\/visite-de-travail-aux-emirats-arabes-unis\/\" rel=\"noopener noreferrer\">Lire la suite<span class=\"screen-reader-text\">\u00a0: Visite de travail aux \u00c9mirats arabes unis<\/span><\/a><\/div><\/li>\n<li><div class=\"wp-block-latest-posts__featured-image aligncenter\"><img decoding=\"async\" width=\"730\" height=\"321\" data-src=\"https:\/\/www.oc.com.tn\/wp-content\/uploads\/2025\/01\/image-16.png\" class=\"attachment-large size-large wp-post-image lazyload\" alt=\"\" data-srcset=\"https:\/\/www.oc.com.tn\/wp-content\/uploads\/2025\/01\/image-16.png 947w, https:\/\/www.oc.com.tn\/wp-content\/uploads\/2025\/01\/image-16-300x132.png 300w, https:\/\/www.oc.com.tn\/wp-content\/uploads\/2025\/01\/image-16-768x337.png 768w, https:\/\/www.oc.com.tn\/wp-content\/uploads\/2025\/01\/image-16-730x321.png 730w\" data-sizes=\"(max-width: 730px) 100vw, 730px\" src=\"data:image\/svg+xml;base64,PHN2ZyB3aWR0aD0iMSIgaGVpZ2h0PSIxIiB4bWxucz0iaHR0cDovL3d3dy53My5vcmcvMjAwMC9zdmciPjwvc3ZnPg==\" style=\"--smush-placeholder-width: 730px; --smush-placeholder-aspect-ratio: 730\/321;\" \/><\/div><a class=\"wp-block-latest-posts__post-title\" href=\"https:\/\/www.oc.com.tn\/fr\/reunion-de-travail-avec-les-membres-de-la-banque-europeenne-pour-la-reconstruction-et-le-developpement-berd\/\">REUNION DE TRAVAIL AVEC LES MEMBRES DE LA BANQUE EUROPEENNE POUR LA RECONSTRUCTION ET LE DEVELOPPEMENT ( BERD)<\/a><time datetime=\"2025-01-29T15:38:15+01:00\" class=\"wp-block-latest-posts__post-date\">2025-01-29<\/time><div class=\"wp-block-latest-posts__post-excerpt\">Une r\u00e9union de travail s\u2019est tenue le lundi 27 janvier 2025 au si\u00e8ge de l\u2019Office des C\u00e9r\u00e9ales en pr\u00e9sence des membres de la Banque Europ\u00e9enne pour la Reconstruction et le D\u00e9veloppement (BERD) et du cabinet de consulting\u2026 <a class=\"wp-block-latest-posts__read-more\" href=\"https:\/\/www.oc.com.tn\/fr\/reunion-de-travail-avec-les-membres-de-la-banque-europeenne-pour-la-reconstruction-et-le-developpement-berd\/\" rel=\"noopener noreferrer\">Lire la suite<span class=\"screen-reader-text\">\u00a0: REUNION DE TRAVAIL AVEC LES MEMBRES DE LA BANQUE EUROPEENNE POUR LA RECONSTRUCTION ET LE DEVELOPPEMENT ( BERD)<\/span><\/a><\/div><\/li>\n<li><div class=\"wp-block-latest-posts__featured-image aligncenter\"><img decoding=\"async\" width=\"730\" height=\"307\" data-src=\"https:\/\/www.oc.com.tn\/wp-content\/uploads\/2025\/01\/image-15.png\" class=\"attachment-large size-large wp-post-image lazyload\" alt=\"\" data-srcset=\"https:\/\/www.oc.com.tn\/wp-content\/uploads\/2025\/01\/image-15.png 938w, https:\/\/www.oc.com.tn\/wp-content\/uploads\/2025\/01\/image-15-300x126.png 300w, https:\/\/www.oc.com.tn\/wp-content\/uploads\/2025\/01\/image-15-768x323.png 768w, https:\/\/www.oc.com.tn\/wp-content\/uploads\/2025\/01\/image-15-730x307.png 730w\" data-sizes=\"(max-width: 730px) 100vw, 730px\" src=\"data:image\/svg+xml;base64,PHN2ZyB3aWR0aD0iMSIgaGVpZ2h0PSIxIiB4bWxucz0iaHR0cDovL3d3dy53My5vcmcvMjAwMC9zdmciPjwvc3ZnPg==\" style=\"--smush-placeholder-width: 730px; --smush-placeholder-aspect-ratio: 730\/307;\" \/><\/div><a class=\"wp-block-latest-posts__post-title\" href=\"https:\/\/www.oc.com.tn\/fr\/visite-de-travail-en-italie\/\">VISITE DE TRAVAIL EN ITALIE<\/a><time datetime=\"2025-01-29T15:34:54+01:00\" class=\"wp-block-latest-posts__post-date\">2025-01-29<\/time><div class=\"wp-block-latest-posts__post-excerpt\">Dans le cadre de la concr\u00e9tisation de la composante technique de la BERD et sur initiative de l&#8217;Organisation des Nations Unies pour l&#8217;alimentation et l&#8217;agriculture et ses repr\u00e9sentants au Bureau des investissements en Tunisie, une d\u00e9l\u00e9gation tunisienne\u2026 <a class=\"wp-block-latest-posts__read-more\" href=\"https:\/\/www.oc.com.tn\/fr\/visite-de-travail-en-italie\/\" rel=\"noopener noreferrer\">Lire la suite<span class=\"screen-reader-text\">\u00a0: VISITE DE TRAVAIL EN ITALIE<\/span><\/a><\/div><\/li>\n<li><div class=\"wp-block-latest-posts__featured-image aligncenter\"><img decoding=\"async\" width=\"730\" height=\"513\" data-src=\"https:\/\/www.oc.com.tn\/wp-content\/uploads\/2025\/01\/image-10.png\" class=\"attachment-large size-large wp-post-image lazyload\" alt=\"\" data-srcset=\"https:\/\/www.oc.com.tn\/wp-content\/uploads\/2025\/01\/image-10.png 945w, https:\/\/www.oc.com.tn\/wp-content\/uploads\/2025\/01\/image-10-300x211.png 300w, https:\/\/www.oc.com.tn\/wp-content\/uploads\/2025\/01\/image-10-768x540.png 768w, https:\/\/www.oc.com.tn\/wp-content\/uploads\/2025\/01\/image-10-730x513.png 730w\" data-sizes=\"(max-width: 730px) 100vw, 730px\" src=\"data:image\/svg+xml;base64,PHN2ZyB3aWR0aD0iMSIgaGVpZ2h0PSIxIiB4bWxucz0iaHR0cDovL3d3dy53My5vcmcvMjAwMC9zdmciPjwvc3ZnPg==\" style=\"--smush-placeholder-width: 730px; --smush-placeholder-aspect-ratio: 730\/513;\" \/><\/div><a class=\"wp-block-latest-posts__post-title\" href=\"https:\/\/www.oc.com.tn\/fr\/preparation-de-la-saison-de-collecte-2025\/\">Pr\u00e9paration de la saison de collecte 2025<\/a><time datetime=\"2025-01-23T16:08:35+01:00\" class=\"wp-block-latest-posts__post-date\">2025-01-23<\/time><div class=\"wp-block-latest-posts__post-excerpt\">Dans le cadre de la pr\u00e9paration de la collecte 2025, une s\u00e9ance de travail s\u2019est tenue le mercredi 22 janvier 2025 au si\u00e8ge de l\u2019Office des C\u00e9r\u00e9ales sous la supervision de madame la Pr\u00e9sidente Directrice G\u00e9n\u00e9rale et\u2026 <a class=\"wp-block-latest-posts__read-more\" href=\"https:\/\/www.oc.com.tn\/fr\/preparation-de-la-saison-de-collecte-2025\/\" rel=\"noopener noreferrer\">Lire la suite<span class=\"screen-reader-text\">\u00a0: Pr\u00e9paration de la saison de collecte 2025<\/span><\/a><\/div><\/li>\n<li><div class=\"wp-block-latest-posts__featured-image aligncenter\"><img decoding=\"async\" width=\"730\" height=\"519\" data-src=\"https:\/\/www.oc.com.tn\/wp-content\/uploads\/2025\/01\/image-5.png\" class=\"attachment-large size-large wp-post-image lazyload\" alt=\"\" data-srcset=\"https:\/\/www.oc.com.tn\/wp-content\/uploads\/2025\/01\/image-5.png 945w, https:\/\/www.oc.com.tn\/wp-content\/uploads\/2025\/01\/image-5-300x213.png 300w, https:\/\/www.oc.com.tn\/wp-content\/uploads\/2025\/01\/image-5-768x546.png 768w, https:\/\/www.oc.com.tn\/wp-content\/uploads\/2025\/01\/image-5-730x519.png 730w\" data-sizes=\"(max-width: 730px) 100vw, 730px\" src=\"data:image\/svg+xml;base64,PHN2ZyB3aWR0aD0iMSIgaGVpZ2h0PSIxIiB4bWxucz0iaHR0cDovL3d3dy53My5vcmcvMjAwMC9zdmciPjwvc3ZnPg==\" style=\"--smush-placeholder-width: 730px; --smush-placeholder-aspect-ratio: 730\/519;\" \/><\/div><a class=\"wp-block-latest-posts__post-title\" href=\"https:\/\/www.oc.com.tn\/fr\/reunion-du-comite-de-direction-3\/\">R\u00e9union du Comit\u00e9 de Direction<\/a><time datetime=\"2025-01-23T15:57:26+01:00\" class=\"wp-block-latest-posts__post-date\">2025-01-23<\/time><div class=\"wp-block-latest-posts__post-excerpt\">Le 21 janvier 2025 &nbsp; &nbsp;&nbsp;Sous la supervision de Madame la Pr\u00e9sidente Directrice G\u00e9n\u00e9rale, un comit\u00e9 de direction \u00e9largi s\u2019est tenu Le 21 janvier 2025 en pr\u00e9sence des chefs de circonscriptions r\u00e9gionaux. La s\u00e9ance a port\u00e9 sur\u2026 <a class=\"wp-block-latest-posts__read-more\" href=\"https:\/\/www.oc.com.tn\/fr\/reunion-du-comite-de-direction-3\/\" rel=\"noopener noreferrer\">Lire la suite<span class=\"screen-reader-text\">\u00a0: R\u00e9union du Comit\u00e9 de Direction<\/span><\/a><\/div><\/li>\n<li><div class=\"wp-block-latest-posts__featured-image aligncenter\"><img decoding=\"async\" width=\"730\" height=\"567\" data-src=\"https:\/\/www.oc.com.tn\/wp-content\/uploads\/2025\/01\/4-3-1024x796.jpg\" class=\"attachment-large size-large wp-post-image lazyload\" alt=\"\" data-srcset=\"https:\/\/www.oc.com.tn\/wp-content\/uploads\/2025\/01\/4-3-1024x796.jpg 1024w, https:\/\/www.oc.com.tn\/wp-content\/uploads\/2025\/01\/4-3-300x233.jpg 300w, https:\/\/www.oc.com.tn\/wp-content\/uploads\/2025\/01\/4-3-768x597.jpg 768w, https:\/\/www.oc.com.tn\/wp-content\/uploads\/2025\/01\/4-3-1536x1193.jpg 1536w, https:\/\/www.oc.com.tn\/wp-content\/uploads\/2025\/01\/4-3-730x567.jpg 730w, https:\/\/www.oc.com.tn\/wp-content\/uploads\/2025\/01\/4-3-1070x831.jpg 1070w, https:\/\/www.oc.com.tn\/wp-content\/uploads\/2025\/01\/4-3.jpg 1600w\" data-sizes=\"(max-width: 730px) 100vw, 730px\" src=\"data:image\/svg+xml;base64,PHN2ZyB3aWR0aD0iMSIgaGVpZ2h0PSIxIiB4bWxucz0iaHR0cDovL3d3dy53My5vcmcvMjAwMC9zdmciPjwvc3ZnPg==\" style=\"--smush-placeholder-width: 730px; --smush-placeholder-aspect-ratio: 730\/567;\" \/><\/div><a class=\"wp-block-latest-posts__post-title\" href=\"https:\/\/www.oc.com.tn\/fr\/visite-de-travail-aux-gouvernorats-de-mednine-et-gabes\/\">Visite de travail aux Gouvernorats de Mednine et Gabes \u00a0<\/a><time datetime=\"2025-01-22T15:38:43+01:00\" class=\"wp-block-latest-posts__post-date\">2025-01-22<\/time><div class=\"wp-block-latest-posts__post-excerpt\">Dans le cadre du suivi de l\u2019activit\u00e9 de l\u2019Office dans les gouvernorats du Sud , la Pr\u00e9sidente Directrice G\u00e9n\u00e9rale de l\u2019Office des C\u00e9r\u00e9ales a effectu\u00e9 Le jeudi 16 janvier 2025 une visite de travail dans les gouvernorats\u2026 <a class=\"wp-block-latest-posts__read-more\" href=\"https:\/\/www.oc.com.tn\/fr\/visite-de-travail-aux-gouvernorats-de-mednine-et-gabes\/\" rel=\"noopener noreferrer\">Lire la suite<span class=\"screen-reader-text\">\u00a0: Visite de travail aux Gouvernorats de Mednine et Gabes \u00a0<\/span><\/a><\/div><\/li>\n<li><div class=\"wp-block-latest-posts__featured-image aligncenter\"><img decoding=\"async\" width=\"590\" height=\"403\" data-src=\"https:\/\/www.oc.com.tn\/wp-content\/uploads\/2025\/01\/1-2.jpg\" class=\"attachment-large size-large wp-post-image lazyload\" alt=\"\" data-srcset=\"https:\/\/www.oc.com.tn\/wp-content\/uploads\/2025\/01\/1-2.jpg 590w, https:\/\/www.oc.com.tn\/wp-content\/uploads\/2025\/01\/1-2-300x205.jpg 300w\" data-sizes=\"(max-width: 590px) 100vw, 590px\" src=\"data:image\/svg+xml;base64,PHN2ZyB3aWR0aD0iMSIgaGVpZ2h0PSIxIiB4bWxucz0iaHR0cDovL3d3dy53My5vcmcvMjAwMC9zdmciPjwvc3ZnPg==\" style=\"--smush-placeholder-width: 590px; --smush-placeholder-aspect-ratio: 590\/403;\" \/><\/div><a class=\"wp-block-latest-posts__post-title\" href=\"https:\/\/www.oc.com.tn\/fr\/visite-de-travail-aux-gouvernorats-de-tozeur-et-kebili\/\">Visite de travail aux Gouvernorats de Tozeur et Kebili<\/a><time datetime=\"2025-01-22T15:10:00+01:00\" class=\"wp-block-latest-posts__post-date\">2025-01-22<\/time><div class=\"wp-block-latest-posts__post-excerpt\">Dans le cadre du suivi de l\u2019activit\u00e9 des circonscriptions r\u00e9gionales de l\u2019Office des c\u00e9r\u00e9ales, la Pr\u00e9sidente Directrice G\u00e9n\u00e9rale a effectu\u00e9 le vendredi 17 janvier 2025 une visite de travail dans les Gouvernorats de Kebili et de Tozeur.\u2026 <a class=\"wp-block-latest-posts__read-more\" href=\"https:\/\/www.oc.com.tn\/fr\/visite-de-travail-aux-gouvernorats-de-tozeur-et-kebili\/\" rel=\"noopener noreferrer\">Lire la suite<span class=\"screen-reader-text\">\u00a0: Visite de travail aux Gouvernorats de Tozeur et Kebili<\/span><\/a><\/div><\/li>\n<li><div class=\"wp-block-latest-posts__featured-image aligncenter\"><img decoding=\"async\" width=\"730\" height=\"504\" data-src=\"https:\/\/www.oc.com.tn\/wp-content\/uploads\/2025\/01\/image-1.png\" class=\"attachment-large size-large wp-post-image lazyload\" alt=\"\" data-srcset=\"https:\/\/www.oc.com.tn\/wp-content\/uploads\/2025\/01\/image-1.png 945w, https:\/\/www.oc.com.tn\/wp-content\/uploads\/2025\/01\/image-1-300x207.png 300w, https:\/\/www.oc.com.tn\/wp-content\/uploads\/2025\/01\/image-1-768x530.png 768w, https:\/\/www.oc.com.tn\/wp-content\/uploads\/2025\/01\/image-1-730x504.png 730w\" data-sizes=\"(max-width: 730px) 100vw, 730px\" src=\"data:image\/svg+xml;base64,PHN2ZyB3aWR0aD0iMSIgaGVpZ2h0PSIxIiB4bWxucz0iaHR0cDovL3d3dy53My5vcmcvMjAwMC9zdmciPjwvc3ZnPg==\" style=\"--smush-placeholder-width: 730px; --smush-placeholder-aspect-ratio: 730\/504;\" \/><\/div><a class=\"wp-block-latest-posts__post-title\" href=\"https:\/\/www.oc.com.tn\/fr\/loffice-des-cereales-une-nouvelle-reussite-avec-laudit-de-suivi-1-iso-9001\/\">L\u2019Office des C\u00e9r\u00e9ales : Une Nouvelle R\u00e9ussite avec l\u2019Audit de Suivi 1 ISO 9001<\/a><time datetime=\"2025-01-21T08:26:27+01:00\" class=\"wp-block-latest-posts__post-date\">2025-01-21<\/time><div class=\"wp-block-latest-posts__post-excerpt\">Suite aux r\u00e9sultats positifs obtenus par l&#8217;Office des C\u00e9r\u00e9ales \u00e0 l&#8217;issue de l\u2019audit suivi 1 du Syst\u00e8me de Management de la Qualit\u00e9 ISO 9001 version 2015, r\u00e9alis\u00e9e par l\u2019organisme d\u2019accr\u00e9ditation \u00ab AFAQ AFNOR International \u00bb, la Direction\u2026 <a class=\"wp-block-latest-posts__read-more\" href=\"https:\/\/www.oc.com.tn\/fr\/loffice-des-cereales-une-nouvelle-reussite-avec-laudit-de-suivi-1-iso-9001\/\" rel=\"noopener noreferrer\">Lire la suite<span class=\"screen-reader-text\">\u00a0: L\u2019Office des C\u00e9r\u00e9ales : Une Nouvelle R\u00e9ussite avec l\u2019Audit de Suivi 1 ISO 9001<\/span><\/a><\/div><\/li>\n<li><div class=\"wp-block-latest-posts__featured-image aligncenter\"><img decoding=\"async\" width=\"730\" height=\"483\" data-src=\"https:\/\/www.oc.com.tn\/wp-content\/uploads\/2025\/01\/1-1024x678.jpg\" class=\"attachment-large size-large wp-post-image lazyload\" alt=\"\" data-srcset=\"https:\/\/www.oc.com.tn\/wp-content\/uploads\/2025\/01\/1-1024x678.jpg 1024w, https:\/\/www.oc.com.tn\/wp-content\/uploads\/2025\/01\/1-300x199.jpg 300w, https:\/\/www.oc.com.tn\/wp-content\/uploads\/2025\/01\/1-768x509.jpg 768w, https:\/\/www.oc.com.tn\/wp-content\/uploads\/2025\/01\/1-730x483.jpg 730w, https:\/\/www.oc.com.tn\/wp-content\/uploads\/2025\/01\/1-1070x709.jpg 1070w, https:\/\/www.oc.com.tn\/wp-content\/uploads\/2025\/01\/1.jpg 1279w\" data-sizes=\"(max-width: 730px) 100vw, 730px\" src=\"data:image\/svg+xml;base64,PHN2ZyB3aWR0aD0iMSIgaGVpZ2h0PSIxIiB4bWxucz0iaHR0cDovL3d3dy53My5vcmcvMjAwMC9zdmciPjwvc3ZnPg==\" style=\"--smush-placeholder-width: 730px; --smush-placeholder-aspect-ratio: 730\/483;\" \/><\/div><a class=\"wp-block-latest-posts__post-title\" href=\"https:\/\/www.oc.com.tn\/fr\/visite-de-travail-aux-gouvernorats-de-sousse-et-sfax\/\">Visite de travail aux Gouvernorats de Sousse et Sfax<\/a><time datetime=\"2025-01-16T08:36:04+01:00\" class=\"wp-block-latest-posts__post-date\">2025-01-16<\/time><div class=\"wp-block-latest-posts__post-excerpt\">Dans le cadre du suivi des activit\u00e9s de travail dans les circonscriptions r\u00e9gionales, la Pr\u00e9sidente Directrice G\u00e9n\u00e9rale de l\u2019Office des C\u00e9r\u00e9ales a effectu\u00e9 le vendredi 10 janvier 2025une visite de travail dans les gouvernorats de Sousse et\u2026 <a class=\"wp-block-latest-posts__read-more\" href=\"https:\/\/www.oc.com.tn\/fr\/visite-de-travail-aux-gouvernorats-de-sousse-et-sfax\/\" rel=\"noopener noreferrer\">Lire la suite<span class=\"screen-reader-text\">\u00a0: Visite de travail aux Gouvernorats de Sousse et Sfax<\/span><\/a><\/div><\/li>\n<li><div class=\"wp-block-latest-posts__featured-image aligncenter\"><img decoding=\"async\" width=\"730\" height=\"404\" data-src=\"https:\/\/www.oc.com.tn\/wp-content\/uploads\/2025\/01\/image.png\" class=\"attachment-large size-large wp-post-image lazyload\" alt=\"\" data-srcset=\"https:\/\/www.oc.com.tn\/wp-content\/uploads\/2025\/01\/image.png 945w, https:\/\/www.oc.com.tn\/wp-content\/uploads\/2025\/01\/image-300x166.png 300w, https:\/\/www.oc.com.tn\/wp-content\/uploads\/2025\/01\/image-768x425.png 768w, https:\/\/www.oc.com.tn\/wp-content\/uploads\/2025\/01\/image-730x404.png 730w\" data-sizes=\"(max-width: 730px) 100vw, 730px\" src=\"data:image\/svg+xml;base64,PHN2ZyB3aWR0aD0iMSIgaGVpZ2h0PSIxIiB4bWxucz0iaHR0cDovL3d3dy53My5vcmcvMjAwMC9zdmciPjwvc3ZnPg==\" style=\"--smush-placeholder-width: 730px; --smush-placeholder-aspect-ratio: 730\/404;\" \/><\/div><a class=\"wp-block-latest-posts__post-title\" href=\"https:\/\/www.oc.com.tn\/fr\/demarrage-de-la-mission-daudit-externe-suivi-1\/\">D\u00e9marrage de la mission d\u2019audit externe (suivi 1)<\/a><time datetime=\"2025-01-14T08:43:41+01:00\" class=\"wp-block-latest-posts__post-date\">2025-01-14<\/time><div class=\"wp-block-latest-posts__post-excerpt\">\u00a0Dans le cadre du d\u00e9marrage de la mission d\u2019audit externe ( suivi 1), une r\u00e9union de travail s\u2019est tenue le lundi 13 janvier 2025 sous la supervision de Madame la Pr\u00e9sidente Directrice G\u00e9n\u00e9rale de l\u2019Office des C\u00e9r\u00e9ales\u2026 <a class=\"wp-block-latest-posts__read-more\" href=\"https:\/\/www.oc.com.tn\/fr\/demarrage-de-la-mission-daudit-externe-suivi-1\/\" rel=\"noopener noreferrer\">Lire la suite<span class=\"screen-reader-text\">\u00a0: D\u00e9marrage de la mission d\u2019audit externe (suivi 1)<\/span><\/a><\/div><\/li>\n<li><div class=\"wp-block-latest-posts__featured-image aligncenter\"><img decoding=\"async\" width=\"730\" height=\"426\" data-src=\"https:\/\/www.oc.com.tn\/wp-content\/uploads\/2024\/12\/image-7.png\" class=\"attachment-large size-large wp-post-image lazyload\" alt=\"\" data-srcset=\"https:\/\/www.oc.com.tn\/wp-content\/uploads\/2024\/12\/image-7.png 945w, https:\/\/www.oc.com.tn\/wp-content\/uploads\/2024\/12\/image-7-300x175.png 300w, https:\/\/www.oc.com.tn\/wp-content\/uploads\/2024\/12\/image-7-768x448.png 768w, https:\/\/www.oc.com.tn\/wp-content\/uploads\/2024\/12\/image-7-730x426.png 730w\" data-sizes=\"(max-width: 730px) 100vw, 730px\" src=\"data:image\/svg+xml;base64,PHN2ZyB3aWR0aD0iMSIgaGVpZ2h0PSIxIiB4bWxucz0iaHR0cDovL3d3dy53My5vcmcvMjAwMC9zdmciPjwvc3ZnPg==\" style=\"--smush-placeholder-width: 730px; --smush-placeholder-aspect-ratio: 730\/426;\" \/><\/div><a class=\"wp-block-latest-posts__post-title\" href=\"https:\/\/www.oc.com.tn\/fr\/16462\/\">(pas de titre)<\/a><time datetime=\"2024-12-31T15:42:34+01:00\" class=\"wp-block-latest-posts__post-date\">2024-12-31<\/time><div class=\"wp-block-latest-posts__post-excerpt\">\u00a0A l\u2019Occasion de la nouvelle ann\u00e9e 2025, la Pr\u00e9sidente Directrice G\u00e9n\u00e9rale de l\u2019Office des C\u00e9r\u00e9ale pr\u00e9sente ses meilleurs v\u0153ux \u00e0 tous les employ\u00e9es de l\u2019entreprise en leur souhaitant ainsi qu&#8217;\u00e0 leurs familles, une bonne et heureuse ann\u00e9e\u2026 <a class=\"wp-block-latest-posts__read-more\" href=\"https:\/\/www.oc.com.tn\/fr\/16462\/\" rel=\"noopener noreferrer\">Lire la suite<span class=\"screen-reader-text\">\u00a0: (pas de titre)<\/span><\/a><\/div><\/li>\n<li><div class=\"wp-block-latest-posts__featured-image aligncenter\"><img decoding=\"async\" width=\"730\" height=\"356\" data-src=\"https:\/\/www.oc.com.tn\/wp-content\/uploads\/2024\/12\/Radio-Med-1-1024x499.jpg\" class=\"attachment-large size-large wp-post-image lazyload\" alt=\"\" data-srcset=\"https:\/\/www.oc.com.tn\/wp-content\/uploads\/2024\/12\/Radio-Med-1-1024x499.jpg 1024w, https:\/\/www.oc.com.tn\/wp-content\/uploads\/2024\/12\/Radio-Med-1-300x146.jpg 300w, https:\/\/www.oc.com.tn\/wp-content\/uploads\/2024\/12\/Radio-Med-1-768x374.jpg 768w, https:\/\/www.oc.com.tn\/wp-content\/uploads\/2024\/12\/Radio-Med-1-1536x748.jpg 1536w, https:\/\/www.oc.com.tn\/wp-content\/uploads\/2024\/12\/Radio-Med-1-730x355.jpg 730w, https:\/\/www.oc.com.tn\/wp-content\/uploads\/2024\/12\/Radio-Med-1-1070x521.jpg 1070w, https:\/\/www.oc.com.tn\/wp-content\/uploads\/2024\/12\/Radio-Med-1.jpg 1828w\" data-sizes=\"(max-width: 730px) 100vw, 730px\" src=\"data:image\/svg+xml;base64,PHN2ZyB3aWR0aD0iMSIgaGVpZ2h0PSIxIiB4bWxucz0iaHR0cDovL3d3dy53My5vcmcvMjAwMC9zdmciPjwvc3ZnPg==\" style=\"--smush-placeholder-width: 730px; --smush-placeholder-aspect-ratio: 730\/356;\" \/><\/div><a class=\"wp-block-latest-posts__post-title\" href=\"https:\/\/www.oc.com.tn\/fr\/office-des-cereales-et-le-succes-de-la-saison-des-semailles\/\">Office des c\u00e9r\u00e9ales et la campagne de semis 2024\/2025<\/a><time datetime=\"2024-12-25T14:59:00+01:00\" class=\"wp-block-latest-posts__post-date\">2024-12-25<\/time><div class=\"wp-block-latest-posts__post-excerpt\">Les repr\u00e9sentants de l&#8217;office des c\u00e9r\u00e9ales dans le cadre du droit de r\u00e9ponse sont intervenus pour pr\u00e9ciser le r\u00f4le de l&#8217;office des c\u00e9r\u00e9ales durant la campagne de semis 2024\/2025 et pr\u00e9senter les donn\u00e9es concernant les quantit\u00e9s des\u2026 <a class=\"wp-block-latest-posts__read-more\" href=\"https:\/\/www.oc.com.tn\/fr\/office-des-cereales-et-le-succes-de-la-saison-des-semailles\/\" rel=\"noopener noreferrer\">Lire la suite<span class=\"screen-reader-text\">\u00a0: Office des c\u00e9r\u00e9ales et la campagne de semis 2024\/2025<\/span><\/a><\/div><\/li>\n<li><div class=\"wp-block-latest-posts__featured-image aligncenter\"><img decoding=\"async\" width=\"730\" height=\"465\" data-src=\"https:\/\/www.oc.com.tn\/wp-content\/uploads\/2024\/12\/image-6-1024x652.png\" class=\"attachment-large size-large wp-post-image lazyload\" alt=\"\" data-srcset=\"https:\/\/www.oc.com.tn\/wp-content\/uploads\/2024\/12\/image-6-1024x652.png 1024w, https:\/\/www.oc.com.tn\/wp-content\/uploads\/2024\/12\/image-6-300x191.png 300w, https:\/\/www.oc.com.tn\/wp-content\/uploads\/2024\/12\/image-6-768x489.png 768w, https:\/\/www.oc.com.tn\/wp-content\/uploads\/2024\/12\/image-6-730x465.png 730w, https:\/\/www.oc.com.tn\/wp-content\/uploads\/2024\/12\/image-6.png 1034w\" data-sizes=\"(max-width: 730px) 100vw, 730px\" src=\"data:image\/svg+xml;base64,PHN2ZyB3aWR0aD0iMSIgaGVpZ2h0PSIxIiB4bWxucz0iaHR0cDovL3d3dy53My5vcmcvMjAwMC9zdmciPjwvc3ZnPg==\" style=\"--smush-placeholder-width: 730px; --smush-placeholder-aspect-ratio: 730\/465;\" \/><\/div><a class=\"wp-block-latest-posts__post-title\" href=\"https:\/\/www.oc.com.tn\/fr\/reunion-du-conseil-dadministration-19-decembre-2024\/\">R\u00e9union du conseil d\u2019administration 19 d\u00e9cembre 2024<\/a><time datetime=\"2024-12-20T11:30:54+01:00\" class=\"wp-block-latest-posts__post-date\">2024-12-20<\/time><div class=\"wp-block-latest-posts__post-excerpt\">Le Conseil d&#8217;Administration de l&#8217;Office des c\u00e9r\u00e9ales s&#8217;est r\u00e9uni le 18 d\u00e9cembre 2024 pour examiner les rapports d&#8217;audit relatifs aux Etats Financiers de l&#8217;ann\u00e9e 2023 ainsi que sur le syst\u00e8me de contr\u00f4le interne de l&#8217;ann\u00e9e 2023. Cette\u2026 <a class=\"wp-block-latest-posts__read-more\" href=\"https:\/\/www.oc.com.tn\/fr\/reunion-du-conseil-dadministration-19-decembre-2024\/\" rel=\"noopener noreferrer\">Lire la suite<span class=\"screen-reader-text\">\u00a0: R\u00e9union du conseil d\u2019administration 19 d\u00e9cembre 2024<\/span><\/a><\/div><\/li>\n<li><div class=\"wp-block-latest-posts__featured-image aligncenter\"><img decoding=\"async\" width=\"699\" height=\"1024\" data-src=\"https:\/\/www.oc.com.tn\/wp-content\/uploads\/2024\/12\/img5-1-699x1024.jpg\" class=\"attachment-large size-large wp-post-image lazyload\" alt=\"\" data-srcset=\"https:\/\/www.oc.com.tn\/wp-content\/uploads\/2024\/12\/img5-1-699x1024.jpg 699w, https:\/\/www.oc.com.tn\/wp-content\/uploads\/2024\/12\/img5-1-205x300.jpg 205w, https:\/\/www.oc.com.tn\/wp-content\/uploads\/2024\/12\/img5-1.jpg 720w\" data-sizes=\"(max-width: 699px) 100vw, 699px\" src=\"data:image\/svg+xml;base64,PHN2ZyB3aWR0aD0iMSIgaGVpZ2h0PSIxIiB4bWxucz0iaHR0cDovL3d3dy53My5vcmcvMjAwMC9zdmciPjwvc3ZnPg==\" style=\"--smush-placeholder-width: 699px; --smush-placeholder-aspect-ratio: 699\/1024;\" \/><\/div><a class=\"wp-block-latest-posts__post-title\" href=\"https:\/\/www.oc.com.tn\/fr\/du-premier-ministre-a-mesdames-et-messieurs-ministres-et-secretaires-detat\/\">Une circulaire gouvernementale sur la promotion de la vente de l\u2019huile d\u2019olive sur le march\u00e9 int\u00e9rieur<\/a><time datetime=\"2024-12-13T10:31:00+01:00\" class=\"wp-block-latest-posts__post-date\">2024-12-13<\/time><div class=\"wp-block-latest-posts__post-excerpt\"><\/div><\/li>\n<li><div class=\"wp-block-latest-posts__featured-image aligncenter\"><img decoding=\"async\" width=\"730\" height=\"518\" data-src=\"https:\/\/www.oc.com.tn\/wp-content\/uploads\/2024\/12\/image-5-1-1024x726.png\" class=\"attachment-large size-large wp-post-image lazyload\" alt=\"\" data-srcset=\"https:\/\/www.oc.com.tn\/wp-content\/uploads\/2024\/12\/image-5-1-1024x726.png 1024w, https:\/\/www.oc.com.tn\/wp-content\/uploads\/2024\/12\/image-5-1-300x213.png 300w, https:\/\/www.oc.com.tn\/wp-content\/uploads\/2024\/12\/image-5-1-768x545.png 768w, https:\/\/www.oc.com.tn\/wp-content\/uploads\/2024\/12\/image-5-1-1536x1090.png 1536w, https:\/\/www.oc.com.tn\/wp-content\/uploads\/2024\/12\/image-5-1-730x518.png 730w, https:\/\/www.oc.com.tn\/wp-content\/uploads\/2024\/12\/image-5-1-1070x759.png 1070w, https:\/\/www.oc.com.tn\/wp-content\/uploads\/2024\/12\/image-5-1.png 1600w\" data-sizes=\"(max-width: 730px) 100vw, 730px\" src=\"data:image\/svg+xml;base64,PHN2ZyB3aWR0aD0iMSIgaGVpZ2h0PSIxIiB4bWxucz0iaHR0cDovL3d3dy53My5vcmcvMjAwMC9zdmciPjwvc3ZnPg==\" style=\"--smush-placeholder-width: 730px; --smush-placeholder-aspect-ratio: 730\/518;\" \/><\/div><a class=\"wp-block-latest-posts__post-title\" href=\"https:\/\/www.oc.com.tn\/fr\/felicitations\/\">F\u00e9licitations<\/a><time datetime=\"2024-12-12T14:39:55+01:00\" class=\"wp-block-latest-posts__post-date\">2024-12-12<\/time><div class=\"wp-block-latest-posts__post-excerpt\">&nbsp;&nbsp;&nbsp; &nbsp;&nbsp;&nbsp;&nbsp;&nbsp;&nbsp;&nbsp;&nbsp;&nbsp;\u00c0 la suite de la proclamation des r\u00e9sultats du concours interne au titre des ann\u00e9es 2021, 2022 et 2023 relatifs \u00e0 la promotion du personnel administratif, technique et informatique, la Direction G\u00e9n\u00e9rale de l\u2019Office des C\u00e9r\u00e9ales\u2026 <a class=\"wp-block-latest-posts__read-more\" href=\"https:\/\/www.oc.com.tn\/fr\/felicitations\/\" rel=\"noopener noreferrer\">Lire la suite<span class=\"screen-reader-text\">\u00a0: F\u00e9licitations<\/span><\/a><\/div><\/li>\n<li><div class=\"wp-block-latest-posts__featured-image aligncenter\"><img decoding=\"async\" width=\"730\" height=\"410\" data-src=\"https:\/\/www.oc.com.tn\/wp-content\/uploads\/2024\/12\/image-4.png\" class=\"attachment-large size-large wp-post-image lazyload\" alt=\"\" data-srcset=\"https:\/\/www.oc.com.tn\/wp-content\/uploads\/2024\/12\/image-4.png 945w, https:\/\/www.oc.com.tn\/wp-content\/uploads\/2024\/12\/image-4-300x169.png 300w, https:\/\/www.oc.com.tn\/wp-content\/uploads\/2024\/12\/image-4-768x432.png 768w, https:\/\/www.oc.com.tn\/wp-content\/uploads\/2024\/12\/image-4-730x410.png 730w\" data-sizes=\"(max-width: 730px) 100vw, 730px\" src=\"data:image\/svg+xml;base64,PHN2ZyB3aWR0aD0iMSIgaGVpZ2h0PSIxIiB4bWxucz0iaHR0cDovL3d3dy53My5vcmcvMjAwMC9zdmciPjwvc3ZnPg==\" style=\"--smush-placeholder-width: 730px; --smush-placeholder-aspect-ratio: 730\/410;\" \/><\/div><a class=\"wp-block-latest-posts__post-title\" href=\"https:\/\/www.oc.com.tn\/fr\/reunion-de-travail-avec-delegation-de-la-stam\/\">R\u00e9union de travail avec d\u00e9l\u00e9gation de la STAM<\/a><time datetime=\"2024-12-12T14:35:39+01:00\" class=\"wp-block-latest-posts__post-date\">2024-12-12<\/time><div class=\"wp-block-latest-posts__post-excerpt\">&nbsp;&nbsp;&nbsp;&nbsp;&nbsp;&nbsp; Dans le cadre du partenariat strat\u00e9gique entre l\u2019Office des c\u00e9r\u00e9ales et la Soci\u00e9t\u00e9 tunisienne d\u2019Acconage et de Manutention, une r\u00e9union de travail s\u2019est tenue au si\u00e8ge de l\u2019Office des C\u00e9r\u00e9ales le mardi 10 d\u00e9cembre 2024&nbsp; sous\u2026 <a class=\"wp-block-latest-posts__read-more\" href=\"https:\/\/www.oc.com.tn\/fr\/reunion-de-travail-avec-delegation-de-la-stam\/\" rel=\"noopener noreferrer\">Lire la suite<span class=\"screen-reader-text\">\u00a0: R\u00e9union de travail avec d\u00e9l\u00e9gation de la STAM<\/span><\/a><\/div><\/li>\n<li><div class=\"wp-block-latest-posts__featured-image aligncenter\"><img decoding=\"async\" width=\"730\" height=\"498\" data-src=\"https:\/\/www.oc.com.tn\/wp-content\/uploads\/2024\/12\/image-2.png\" class=\"attachment-large size-large wp-post-image lazyload\" alt=\"\" data-srcset=\"https:\/\/www.oc.com.tn\/wp-content\/uploads\/2024\/12\/image-2.png 945w, https:\/\/www.oc.com.tn\/wp-content\/uploads\/2024\/12\/image-2-300x205.png 300w, https:\/\/www.oc.com.tn\/wp-content\/uploads\/2024\/12\/image-2-768x524.png 768w, https:\/\/www.oc.com.tn\/wp-content\/uploads\/2024\/12\/image-2-730x498.png 730w\" data-sizes=\"(max-width: 730px) 100vw, 730px\" src=\"data:image\/svg+xml;base64,PHN2ZyB3aWR0aD0iMSIgaGVpZ2h0PSIxIiB4bWxucz0iaHR0cDovL3d3dy53My5vcmcvMjAwMC9zdmciPjwvc3ZnPg==\" style=\"--smush-placeholder-width: 730px; --smush-placeholder-aspect-ratio: 730\/498;\" \/><\/div><a class=\"wp-block-latest-posts__post-title\" href=\"https:\/\/www.oc.com.tn\/fr\/visite-de-travail-a-jendouba-et-beja-renforcement-de-la-distribution-des-semences\/\">Visite de travail \u00e0 Jendouba et B\u00e9ja : Renforcement de la distribution des semences<\/a><time datetime=\"2024-12-12T08:49:52+01:00\" class=\"wp-block-latest-posts__post-date\">2024-12-12<\/time><div class=\"wp-block-latest-posts__post-excerpt\">&nbsp;&nbsp;&nbsp; Dans le cadre du suivi de la distribution du bl\u00e9 dur contr\u00f4l\u00e9 destin\u00e9 aux semences, la Pr\u00e9sidente Directrice G\u00e9n\u00e9rale de l\u2019Office des C\u00e9r\u00e9ales a conduit une mission de terrain dans les r\u00e9gions de Jendouba et B\u00e9ja,\u2026 <a class=\"wp-block-latest-posts__read-more\" href=\"https:\/\/www.oc.com.tn\/fr\/visite-de-travail-a-jendouba-et-beja-renforcement-de-la-distribution-des-semences\/\" rel=\"noopener noreferrer\">Lire la suite<span class=\"screen-reader-text\">\u00a0: Visite de travail \u00e0 Jendouba et B\u00e9ja : Renforcement de la distribution des semences<\/span><\/a><\/div><\/li>\n<li><div class=\"wp-block-latest-posts__featured-image aligncenter\"><img decoding=\"async\" width=\"730\" height=\"481\" data-src=\"https:\/\/www.oc.com.tn\/wp-content\/uploads\/2024\/11\/123.jpg\" class=\"attachment-large size-large wp-post-image lazyload\" alt=\"\" data-srcset=\"https:\/\/www.oc.com.tn\/wp-content\/uploads\/2024\/11\/123.jpg 819w, https:\/\/www.oc.com.tn\/wp-content\/uploads\/2024\/11\/123-300x198.jpg 300w, https:\/\/www.oc.com.tn\/wp-content\/uploads\/2024\/11\/123-768x506.jpg 768w, https:\/\/www.oc.com.tn\/wp-content\/uploads\/2024\/11\/123-730x481.jpg 730w\" data-sizes=\"(max-width: 730px) 100vw, 730px\" src=\"data:image\/svg+xml;base64,PHN2ZyB3aWR0aD0iMSIgaGVpZ2h0PSIxIiB4bWxucz0iaHR0cDovL3d3dy53My5vcmcvMjAwMC9zdmciPjwvc3ZnPg==\" style=\"--smush-placeholder-width: 730px; --smush-placeholder-aspect-ratio: 730\/481;\" \/><\/div><a class=\"wp-block-latest-posts__post-title\" href=\"https:\/\/www.oc.com.tn\/fr\/16213\/\">(pas de titre)<\/a><time datetime=\"2024-11-29T11:31:23+01:00\" class=\"wp-block-latest-posts__post-date\">2024-11-29<\/time><div class=\"wp-block-latest-posts__post-excerpt\">Le pr\u00e9sident de la R\u00e9publique, Ka\u00efs Sa\u00efed, a pr\u00e9sid\u00e9, ce jeudi 28 novembre 2024, une r\u00e9union de travail au palais de Carthage en pr\u00e9sence du chef du gouvernement, Kamel Madouri, du ministre de l\u2019Agriculture, Ezzeddine Ben Cheikh,\u2026 <a class=\"wp-block-latest-posts__read-more\" href=\"https:\/\/www.oc.com.tn\/fr\/16213\/\" rel=\"noopener noreferrer\">Lire la suite<span class=\"screen-reader-text\">\u00a0: (pas de titre)<\/span><\/a><\/div><\/li>\n<li><div class=\"wp-block-latest-posts__featured-image aligncenter\"><img decoding=\"async\" width=\"730\" height=\"487\" data-src=\"https:\/\/www.oc.com.tn\/wp-content\/uploads\/2024\/11\/1-2-1024x683.jpg\" class=\"attachment-large size-large wp-post-image lazyload\" alt=\"\" data-srcset=\"https:\/\/www.oc.com.tn\/wp-content\/uploads\/2024\/11\/1-2-1024x683.jpg 1024w, https:\/\/www.oc.com.tn\/wp-content\/uploads\/2024\/11\/1-2-300x200.jpg 300w, https:\/\/www.oc.com.tn\/wp-content\/uploads\/2024\/11\/1-2-768x512.jpg 768w, https:\/\/www.oc.com.tn\/wp-content\/uploads\/2024\/11\/1-2-730x487.jpg 730w, https:\/\/www.oc.com.tn\/wp-content\/uploads\/2024\/11\/1-2-1070x713.jpg 1070w, https:\/\/www.oc.com.tn\/wp-content\/uploads\/2024\/11\/1-2.jpg 1386w\" data-sizes=\"(max-width: 730px) 100vw, 730px\" src=\"data:image\/svg+xml;base64,PHN2ZyB3aWR0aD0iMSIgaGVpZ2h0PSIxIiB4bWxucz0iaHR0cDovL3d3dy53My5vcmcvMjAwMC9zdmciPjwvc3ZnPg==\" style=\"--smush-placeholder-width: 730px; --smush-placeholder-aspect-ratio: 730\/487;\" \/><\/div><a class=\"wp-block-latest-posts__post-title\" href=\"https:\/\/www.oc.com.tn\/fr\/visite-de-travail-dune-delegation-de-loffice-des-cereales-a-la-republique-arabe-degypte\/\">Visite de travail d\u2019une d\u00e9l\u00e9gation de l\u2019Office des C\u00e9r\u00e9ales \u00e0 la R\u00e9publique Arabe D\u2019Egypte<\/a><time datetime=\"2024-11-18T15:49:11+01:00\" class=\"wp-block-latest-posts__post-date\">2024-11-18<\/time><div class=\"wp-block-latest-posts__post-excerpt\">Dans le cadre de\u00a0 la concr\u00e9tisation \u00a0de la composante d\u2019appui technique financ\u00e9e par la Banque Europ\u00e9enne pour la Reconstruction et le D\u00e9veloppement et sur \u00a0initiative de l\u2019Organisation des Nations Unies pour l\u2019Alimentation et l\u2019Agriculture et de ses\u2026 <a class=\"wp-block-latest-posts__read-more\" href=\"https:\/\/www.oc.com.tn\/fr\/visite-de-travail-dune-delegation-de-loffice-des-cereales-a-la-republique-arabe-degypte\/\" rel=\"noopener noreferrer\">Lire la suite<span class=\"screen-reader-text\">\u00a0: Visite de travail d\u2019une d\u00e9l\u00e9gation de l\u2019Office des C\u00e9r\u00e9ales \u00e0 la R\u00e9publique Arabe D\u2019Egypte<\/span><\/a><\/div><\/li>\n<\/ul>","protected":false},"excerpt":{"rendered":"","protected":false},"author":1,"featured_media":0,"parent":0,"menu_order":0,"comment_status":"closed","ping_status":"closed","template":"","meta":{"_monsterinsights_skip_tracking":false,"_monsterinsights_sitenote_active":false,"_monsterinsights_sitenote_note":"","_monsterinsights_sitenote_category":0,"footnotes":""},"class_list":["post-3533","page","type-page","status-publish","hentry"],"yoast_head":"<!-- This site is optimized with the Yoast SEO plugin v25.5 - https:\/\/yoast.com\/wordpress\/plugins\/seo\/ -->\n<title>Actualit\u00e9s - Office des C\u00e9r\u00e9ales - Tunisie<\/title>\n<meta name=\"description\" content=\"Office des C\u00e9r\u00e9ales\" \/>\n<meta name=\"robots\" content=\"index, follow, max-snippet:-1, max-image-preview:large, max-video-preview:-1\" \/>\n<link rel=\"canonical\" href=\"https:\/\/www.oc.com.tn\/fr\/actualites\/\" \/>\n<meta property=\"og:locale\" content=\"fr_FR\" \/>\n<meta property=\"og:type\" content=\"article\" \/>\n<meta property=\"og:title\" content=\"Actualit\u00e9s - Office des C\u00e9r\u00e9ales - Tunisie\" \/>\n<meta property=\"og:description\" content=\"Office des C\u00e9r\u00e9ales\" \/>\n<meta property=\"og:url\" content=\"https:\/\/www.oc.com.tn\/fr\/actualites\/\" \/>\n<meta property=\"og:site_name\" content=\"Office des C\u00e9r\u00e9ales - Tunisie\" \/>\n<meta property=\"article:publisher\" content=\"https:\/\/www.facebook.com\/profile.php?id=100069933501880\" \/>\n<meta property=\"article:modified_time\" content=\"2024-01-25T14:55:24+00:00\" \/>\n<meta name=\"twitter:card\" content=\"summary_large_image\" \/>\n<script type=\"application\/ld+json\" class=\"yoast-schema-graph\">{\"@context\":\"https:\/\/schema.org\",\"@graph\":[{\"@type\":\"WebPage\",\"@id\":\"https:\/\/www.oc.com.tn\/fr\/actualites\/\",\"url\":\"https:\/\/www.oc.com.tn\/fr\/actualites\/\",\"name\":\"Actualit\u00e9s - Office des C\u00e9r\u00e9ales - Tunisie\",\"isPartOf\":{\"@id\":\"https:\/\/www.oc.com.tn\/fr\/#website\"},\"datePublished\":\"2020-11-22T11:03:45+00:00\",\"dateModified\":\"2024-01-25T14:55:24+00:00\",\"description\":\"Office des C\u00e9r\u00e9ales\",\"breadcrumb\":{\"@id\":\"https:\/\/www.oc.com.tn\/fr\/actualites\/#breadcrumb\"},\"inLanguage\":\"fr-FR\",\"potentialAction\":[{\"@type\":\"ReadAction\",\"target\":[\"https:\/\/www.oc.com.tn\/fr\/actualites\/\"]}]},{\"@type\":\"BreadcrumbList\",\"@id\":\"https:\/\/www.oc.com.tn\/fr\/actualites\/#breadcrumb\",\"itemListElement\":[{\"@type\":\"ListItem\",\"position\":1,\"name\":\"Accueil\",\"item\":\"https:\/\/www.oc.com.tn\/fr\/\"},{\"@type\":\"ListItem\",\"position\":2,\"name\":\"Actualit\u00e9s\"}]},{\"@type\":\"WebSite\",\"@id\":\"https:\/\/www.oc.com.tn\/fr\/#website\",\"url\":\"https:\/\/www.oc.com.tn\/fr\/\",\"name\":\"Office des C\u00e9r\u00e9ales - Tunisie\",\"description\":\"Office des C\u00e9r\u00e9ales - Tunisie\",\"publisher\":{\"@id\":\"https:\/\/www.oc.com.tn\/fr\/#organization\"},\"alternateName\":\"Office des C\u00e9r\u00e9ales - Tunisie\",\"potentialAction\":[{\"@type\":\"SearchAction\",\"target\":{\"@type\":\"EntryPoint\",\"urlTemplate\":\"https:\/\/www.oc.com.tn\/fr\/?s={search_term_string}\"},\"query-input\":{\"@type\":\"PropertyValueSpecification\",\"valueRequired\":true,\"valueName\":\"search_term_string\"}}],\"inLanguage\":\"fr-FR\"},{\"@type\":\"Organization\",\"@id\":\"https:\/\/www.oc.com.tn\/fr\/#organization\",\"name\":\"Office des C\u00e9r\u00e9ales - Tunisie\",\"url\":\"https:\/\/www.oc.com.tn\/fr\/\",\"logo\":{\"@type\":\"ImageObject\",\"inLanguage\":\"fr-FR\",\"@id\":\"https:\/\/www.oc.com.tn\/fr\/#\/schema\/logo\/image\/\",\"url\":\"https:\/\/www.oc.com.tn\/wp-content\/uploads\/2020\/07\/Logo.png\",\"contentUrl\":\"https:\/\/www.oc.com.tn\/wp-content\/uploads\/2020\/07\/Logo.png\",\"width\":47,\"height\":74,\"caption\":\"Office des C\u00e9r\u00e9ales - Tunisie\"},\"image\":{\"@id\":\"https:\/\/www.oc.com.tn\/fr\/#\/schema\/logo\/image\/\"},\"sameAs\":[\"https:\/\/www.facebook.com\/profile.php?id=100069933501880\"]}]}<\/script>\n<!-- \/ Yoast SEO plugin. -->","yoast_head_json":{"title":"Actualit\u00e9s - Office des C\u00e9r\u00e9ales - Tunisie","description":"Office des C\u00e9r\u00e9ales","robots":{"index":"index","follow":"follow","max-snippet":"max-snippet:-1","max-image-preview":"max-image-preview:large","max-video-preview":"max-video-preview:-1"},"canonical":"https:\/\/www.oc.com.tn\/fr\/actualites\/","og_locale":"fr_FR","og_type":"article","og_title":"Actualit\u00e9s - Office des C\u00e9r\u00e9ales - Tunisie","og_description":"Office des C\u00e9r\u00e9ales","og_url":"https:\/\/www.oc.com.tn\/fr\/actualites\/","og_site_name":"Office des C\u00e9r\u00e9ales - Tunisie","article_publisher":"https:\/\/www.facebook.com\/profile.php?id=100069933501880","article_modified_time":"2024-01-25T14:55:24+00:00","twitter_card":"summary_large_image","schema":{"@context":"https:\/\/schema.org","@graph":[{"@type":"WebPage","@id":"https:\/\/www.oc.com.tn\/fr\/actualites\/","url":"https:\/\/www.oc.com.tn\/fr\/actualites\/","name":"Actualit\u00e9s - Office des C\u00e9r\u00e9ales - Tunisie","isPartOf":{"@id":"https:\/\/www.oc.com.tn\/fr\/#website"},"datePublished":"2020-11-22T11:03:45+00:00","dateModified":"2024-01-25T14:55:24+00:00","description":"Office des C\u00e9r\u00e9ales","breadcrumb":{"@id":"https:\/\/www.oc.com.tn\/fr\/actualites\/#breadcrumb"},"inLanguage":"fr-FR","potentialAction":[{"@type":"ReadAction","target":["https:\/\/www.oc.com.tn\/fr\/actualites\/"]}]},{"@type":"BreadcrumbList","@id":"https:\/\/www.oc.com.tn\/fr\/actualites\/#breadcrumb","itemListElement":[{"@type":"ListItem","position":1,"name":"Accueil","item":"https:\/\/www.oc.com.tn\/fr\/"},{"@type":"ListItem","position":2,"name":"Actualit\u00e9s"}]},{"@type":"WebSite","@id":"https:\/\/www.oc.com.tn\/fr\/#website","url":"https:\/\/www.oc.com.tn\/fr\/","name":"Office des C\u00e9r\u00e9ales - Tunisie","description":"Office des C\u00e9r\u00e9ales - Tunisie","publisher":{"@id":"https:\/\/www.oc.com.tn\/fr\/#organization"},"alternateName":"Office des C\u00e9r\u00e9ales - Tunisie","potentialAction":[{"@type":"SearchAction","target":{"@type":"EntryPoint","urlTemplate":"https:\/\/www.oc.com.tn\/fr\/?s={search_term_string}"},"query-input":{"@type":"PropertyValueSpecification","valueRequired":true,"valueName":"search_term_string"}}],"inLanguage":"fr-FR"},{"@type":"Organization","@id":"https:\/\/www.oc.com.tn\/fr\/#organization","name":"Office des C\u00e9r\u00e9ales - Tunisie","url":"https:\/\/www.oc.com.tn\/fr\/","logo":{"@type":"ImageObject","inLanguage":"fr-FR","@id":"https:\/\/www.oc.com.tn\/fr\/#\/schema\/logo\/image\/","url":"https:\/\/www.oc.com.tn\/wp-content\/uploads\/2020\/07\/Logo.png","contentUrl":"https:\/\/www.oc.com.tn\/wp-content\/uploads\/2020\/07\/Logo.png","width":47,"height":74,"caption":"Office des C\u00e9r\u00e9ales - Tunisie"},"image":{"@id":"https:\/\/www.oc.com.tn\/fr\/#\/schema\/logo\/image\/"},"sameAs":["https:\/\/www.facebook.com\/profile.php?id=100069933501880"]}]}},"_links":{"self":[{"href":"https:\/\/www.oc.com.tn\/fr\/wp-json\/wp\/v2\/pages\/3533","targetHints":{"allow":["GET"]}}],"collection":[{"href":"https:\/\/www.oc.com.tn\/fr\/wp-json\/wp\/v2\/pages"}],"about":[{"href":"https:\/\/www.oc.com.tn\/fr\/wp-json\/wp\/v2\/types\/page"}],"author":[{"embeddable":true,"href":"https:\/\/www.oc.com.tn\/fr\/wp-json\/wp\/v2\/users\/1"}],"replies":[{"embeddable":true,"href":"https:\/\/www.oc.com.tn\/fr\/wp-json\/wp\/v2\/comments?post=3533"}],"version-history":[{"count":8,"href":"https:\/\/www.oc.com.tn\/fr\/wp-json\/wp\/v2\/pages\/3533\/revisions"}],"predecessor-version":[{"id":11952,"href":"https:\/\/www.oc.com.tn\/fr\/wp-json\/wp\/v2\/pages\/3533\/revisions\/11952"}],"wp:attachment":[{"href":"https:\/\/www.oc.com.tn\/fr\/wp-json\/wp\/v2\/media?parent=3533"}],"curies":[{"name":"wp","href":"https:\/\/api.w.org\/{rel}","templated":true}]}}